{"id":136,"date":"2017-10-08T16:02:10","date_gmt":"2017-10-08T16:02:10","guid":{"rendered":"http:\/\/www.mariabemelmans.com\/?page_id=136"},"modified":"2025-06-01T15:28:34","modified_gmt":"2025-06-01T14:28:34","slug":"exposities-projecten","status":"publish","type":"page","link":"https:\/\/www.mariabemelmans.com\/index.php\/exposities-projecten\/","title":{"rendered":"Expositions &#038; News"},"content":{"rendered":"\t\t<div data-elementor-type=\"wp-post\" data-elementor-id=\"136\" class=\"elementor elementor-136\">\n\t\t\t\t\t\t<section class=\"elementor-section elementor-top-section elementor-element elementor-element-d247019 elementor-section-boxed elementor-section-height-default elementor-section-height-default\" data-id=\"d247019\" data-element_type=\"section\">\n\t\t\t\t\t\t<div class=\"elementor-container elementor-column-gap-default\">\n\t\t\t\t\t<div class=\"aux-parallax-section elementor-column elementor-col-100 elementor-top-column elementor-element elementor-element-67ac648\" data-id=\"67ac648\" data-element_type=\"column\">\n\t\t\t<div class=\"elementor-widget-wrap elementor-element-populated\">\n\t\t\t\t\t\t<section class=\"elementor-section elementor-inner-section elementor-element elementor-element-1faf8c7 elementor-section-boxed elementor-section-height-default elementor-section-height-default\" data-id=\"1faf8c7\" data-element_type=\"section\">\n\t\t\t\t\t\t<div class=\"elementor-container elementor-column-gap-default\">\n\t\t\t\t\t<div class=\"aux-parallax-section elementor-column elementor-col-50 elementor-inner-column elementor-element elementor-element-6875ef5\" data-id=\"6875ef5\" data-element_type=\"column\">\n\t\t\t<div class=\"elementor-widget-wrap elementor-element-populated\">\n\t\t\t\t\t\t<div class=\"elementor-element elementor-element-fda17e2 elementor-widget elementor-widget-image\" data-id=\"fda17e2\" data-element_type=\"widget\" data-widget_type=\"image.default\">\n\t\t\t\t<div class=\"elementor-widget-container\">\n\t\t\t\t\t\t\t\t\t\t\t\t\t\t\t\t<a href=\"https:\/\/www.mariabemelmans.com\/wp-content\/uploads\/2025\/06\/20-Jahre.jpeg\" data-elementor-open-lightbox=\"yes\" data-elementor-lightbox-title=\"20 Jahre Kunstraum\" data-e-action-hash=\"#elementor-action%3Aaction%3Dlightbox%26settings%3DeyJpZCI6MjI2NiwidXJsIjoiaHR0cHM6XC9cL3d3dy5tYXJpYWJlbWVsbWFucy5jb21cL3dwLWNvbnRlbnRcL3VwbG9hZHNcLzIwMjVcLzA2XC8yMC1KYWhyZS5qcGVnIn0%3D\">\n\t\t\t\t\t\t\t<img decoding=\"async\" width=\"150\" height=\"150\" src=\"https:\/\/www.mariabemelmans.com\/wp-content\/uploads\/2025\/06\/20-Jahre-150x150.jpeg\" class=\"attachment-thumbnail size-thumbnail wp-image-2266\" alt=\"\" srcset=\"https:\/\/www.mariabemelmans.com\/wp-content\/uploads\/2025\/06\/20-Jahre-150x150.jpeg 150w, https:\/\/www.mariabemelmans.com\/wp-content\/uploads\/2025\/06\/20-Jahre-300x300.jpeg 300w, https:\/\/www.mariabemelmans.com\/wp-content\/uploads\/2025\/06\/20-Jahre-768x768.jpeg 768w\" sizes=\"(max-width: 150px) 100vw, 150px\" \/>\t\t\t\t\t\t\t\t<\/a>\n\t\t\t\t\t\t\t\t\t\t\t\t\t\t\t<\/div>\n\t\t\t\t<\/div>\n\t\t\t\t\t<\/div>\n\t\t<\/div>\n\t\t\t\t<div class=\"aux-parallax-section elementor-column elementor-col-50 elementor-inner-column elementor-element elementor-element-e7d448c\" data-id=\"e7d448c\" data-element_type=\"column\">\n\t\t\t<div class=\"elementor-widget-wrap elementor-element-populated\">\n\t\t\t\t\t\t<div class=\"elementor-element elementor-element-044a9ac elementor-widget elementor-widget-text-editor\" data-id=\"044a9ac\" data-element_type=\"widget\" data-widget_type=\"text-editor.default\">\n\t\t\t\t<div class=\"elementor-widget-container\">\n\t\t\t\t\t\t\t\t\t<h3 style=\"text-align: center;\"><strong>20 Jahre KUNSTRAUM EN e.V.<\/strong><\/h3><p style=\"text-align: center;\">Kunst in der S\u00e4ulenhalle im Industriemueseum, Ennepetal<\/p><p style=\"text-align: center;\">Adres: Neustra\u00dfe 53, 58256 Ennepetal, Duitsland<\/p><p style=\"text-align: center;\">Tentoonstelling loopt van 6 juni tot 9 juni 2025<\/p><p style=\"text-align: center;\">Er\u00f6ffnung: 6 juni 2025, 18:00 Uhr<\/p><p style=\"text-align: center;\">\u00d6ffnungszeiten: Samstag bis Montag 14:00 &#8211; 18:00 Uhr<\/p><p style=\"text-align: center;\">Download: <a href=\"https:\/\/www.mariabemelmans.com\/wp-content\/uploads\/2025\/06\/Infoblatt_2.jpeg\" target=\"_blank\" rel=\"noopener\">Infoblaadje 1<\/a><br \/>Download: <a href=\"https:\/\/www.mariabemelmans.com\/wp-content\/uploads\/2025\/06\/Infoblatt_1.jpeg\" target=\"_blank\" rel=\"noopener\">Infoblaadje 2<\/a><\/p>\t\t\t\t\t\t\t\t<\/div>\n\t\t\t\t<\/div>\n\t\t\t\t\t<\/div>\n\t\t<\/div>\n\t\t\t\t\t<\/div>\n\t\t<\/section>\n\t\t\t\t<div class=\"elementor-element elementor-element-cc972da elementor-widget-divider--view-line elementor-widget elementor-widget-divider\" data-id=\"cc972da\" data-element_type=\"widget\" data-widget_type=\"divider.default\">\n\t\t\t\t<div class=\"elementor-widget-container\">\n\t\t\t\t\t\t\t<div class=\"elementor-divider\">\n\t\t\t<span class=\"elementor-divider-separator\">\n\t\t\t\t\t\t<\/span>\n\t\t<\/div>\n\t\t\t\t\t\t<\/div>\n\t\t\t\t<\/div>\n\t\t\t\t<section class=\"elementor-section elementor-inner-section elementor-element elementor-element-f547596 elementor-section-boxed elementor-section-height-default elementor-section-height-default\" data-id=\"f547596\" data-element_type=\"section\">\n\t\t\t\t\t\t<div class=\"elementor-container elementor-column-gap-default\">\n\t\t\t\t\t<div class=\"aux-parallax-section elementor-column elementor-col-50 elementor-inner-column elementor-element elementor-element-5080e60\" data-id=\"5080e60\" data-element_type=\"column\">\n\t\t\t<div class=\"elementor-widget-wrap elementor-element-populated\">\n\t\t\t\t\t\t<div class=\"elementor-element elementor-element-24bade5 elementor-widget elementor-widget-image\" data-id=\"24bade5\" data-element_type=\"widget\" data-widget_type=\"image.default\">\n\t\t\t\t<div class=\"elementor-widget-container\">\n\t\t\t\t\t\t\t\t\t\t\t\t\t\t\t\t<a href=\"https:\/\/www.mariabemelmans.com\/wp-content\/uploads\/2025\/03\/Kunstraum-HORIZON.png\" data-elementor-open-lightbox=\"yes\" data-elementor-lightbox-title=\"Kunstraum HORIZON\" data-e-action-hash=\"#elementor-action%3Aaction%3Dlightbox%26settings%3DeyJpZCI6MjI1NCwidXJsIjoiaHR0cHM6XC9cL3d3dy5tYXJpYWJlbWVsbWFucy5jb21cL3dwLWNvbnRlbnRcL3VwbG9hZHNcLzIwMjVcLzAzXC9LdW5zdHJhdW0tSE9SSVpPTi5wbmcifQ%3D%3D\">\n\t\t\t\t\t\t\t<img decoding=\"async\" width=\"150\" height=\"150\" src=\"https:\/\/www.mariabemelmans.com\/wp-content\/uploads\/2025\/03\/Kunstraum-HORIZON-150x150.png\" class=\"attachment-thumbnail size-thumbnail wp-image-2254\" alt=\"Kunstraum HORIZON 2025\" srcset=\"https:\/\/www.mariabemelmans.com\/wp-content\/uploads\/2025\/03\/Kunstraum-HORIZON-150x150.png 150w, https:\/\/www.mariabemelmans.com\/wp-content\/uploads\/2025\/03\/Kunstraum-HORIZON-300x300.png 300w, https:\/\/www.mariabemelmans.com\/wp-content\/uploads\/2025\/03\/Kunstraum-HORIZON-768x768.png 768w\" sizes=\"(max-width: 150px) 100vw, 150px\" \/>\t\t\t\t\t\t\t\t<\/a>\n\t\t\t\t\t\t\t\t\t\t\t\t\t\t\t<\/div>\n\t\t\t\t<\/div>\n\t\t\t\t\t<\/div>\n\t\t<\/div>\n\t\t\t\t<div class=\"aux-parallax-section elementor-column elementor-col-50 elementor-inner-column elementor-element elementor-element-d6f110f\" data-id=\"d6f110f\" data-element_type=\"column\">\n\t\t\t<div class=\"elementor-widget-wrap elementor-element-populated\">\n\t\t\t\t\t\t<div class=\"elementor-element elementor-element-58b8975 elementor-widget elementor-widget-text-editor\" data-id=\"58b8975\" data-element_type=\"widget\" data-widget_type=\"text-editor.default\">\n\t\t\t\t<div class=\"elementor-widget-container\">\n\t\t\t\t\t\t\t\t\t<h3 style=\"text-align: center;\"><strong>KUNSTRAUM EN e.V. im Saalbau Witten | HORIZON<\/strong><\/h3><p style=\"text-align: center;\">Tentoonstelling van leden van <i><b>KUNSTRAUM EN<\/b><\/i> in de foyer van gebouw <i><b>Saalbau+ Haus Witten<\/b><\/i> in Witten DE.<\/p><p style=\"text-align: center;\">Adres: Saalbau Witten,<br \/>Bergerstrasse 25, 58452 Witten<\/p><p style=\"text-align: center;\">Titel van de tentoonstelling: <b>HORIZON<\/b><\/p><p style=\"text-align: center;\">Tentoonstelling loopt van 22 maart \u2013 10 april 2025<\/p><p style=\"text-align: center;\"><b>Vernissage<\/b>: 29 maart 2025 om 17.00 uur<\/p>\t\t\t\t\t\t\t\t<\/div>\n\t\t\t\t<\/div>\n\t\t\t\t\t<\/div>\n\t\t<\/div>\n\t\t\t\t\t<\/div>\n\t\t<\/section>\n\t\t\t\t<div class=\"elementor-element elementor-element-9c7dead elementor-widget-divider--view-line elementor-widget elementor-widget-divider\" data-id=\"9c7dead\" data-element_type=\"widget\" data-widget_type=\"divider.default\">\n\t\t\t\t<div class=\"elementor-widget-container\">\n\t\t\t\t\t\t\t<div class=\"elementor-divider\">\n\t\t\t<span class=\"elementor-divider-separator\">\n\t\t\t\t\t\t<\/span>\n\t\t<\/div>\n\t\t\t\t\t\t<\/div>\n\t\t\t\t<\/div>\n\t\t\t\t<section class=\"elementor-section elementor-inner-section elementor-element elementor-element-ff33be4 elementor-section-boxed elementor-section-height-default elementor-section-height-default\" data-id=\"ff33be4\" data-element_type=\"section\">\n\t\t\t\t\t\t<div class=\"elementor-container elementor-column-gap-default\">\n\t\t\t\t\t<div class=\"aux-parallax-section elementor-column elementor-col-50 elementor-inner-column elementor-element elementor-element-3549df9\" data-id=\"3549df9\" data-element_type=\"column\">\n\t\t\t<div class=\"elementor-widget-wrap elementor-element-populated\">\n\t\t\t\t\t\t<div class=\"elementor-element elementor-element-52376f5 elementor-widget elementor-widget-image\" data-id=\"52376f5\" data-element_type=\"widget\" data-widget_type=\"image.default\">\n\t\t\t\t<div class=\"elementor-widget-container\">\n\t\t\t\t\t\t\t\t\t\t\t\t\t\t\t\t<a href=\"https:\/\/www.mariabemelmans.com\/wp-content\/uploads\/2025\/03\/a-part-of.png\" data-elementor-open-lightbox=\"yes\" data-elementor-lightbox-title=\"a part of\" data-e-action-hash=\"#elementor-action%3Aaction%3Dlightbox%26settings%3DeyJpZCI6MjI1MywidXJsIjoiaHR0cHM6XC9cL3d3dy5tYXJpYWJlbWVsbWFucy5jb21cL3dwLWNvbnRlbnRcL3VwbG9hZHNcLzIwMjVcLzAzXC9hLXBhcnQtb2YucG5nIn0%3D\">\n\t\t\t\t\t\t\t<img decoding=\"async\" width=\"150\" height=\"150\" src=\"https:\/\/www.mariabemelmans.com\/wp-content\/uploads\/2025\/03\/a-part-of-150x150.png\" class=\"attachment-thumbnail size-thumbnail wp-image-2253\" alt=\"a part of, Vilvoorde 2025\" srcset=\"https:\/\/www.mariabemelmans.com\/wp-content\/uploads\/2025\/03\/a-part-of-150x150.png 150w, https:\/\/www.mariabemelmans.com\/wp-content\/uploads\/2025\/03\/a-part-of-300x300.png 300w, https:\/\/www.mariabemelmans.com\/wp-content\/uploads\/2025\/03\/a-part-of-1024x1024.png 1024w, https:\/\/www.mariabemelmans.com\/wp-content\/uploads\/2025\/03\/a-part-of-768x768.png 768w\" sizes=\"(max-width: 150px) 100vw, 150px\" \/>\t\t\t\t\t\t\t\t<\/a>\n\t\t\t\t\t\t\t\t\t\t\t\t\t\t\t<\/div>\n\t\t\t\t<\/div>\n\t\t\t\t\t<\/div>\n\t\t<\/div>\n\t\t\t\t<div class=\"aux-parallax-section elementor-column elementor-col-50 elementor-inner-column elementor-element elementor-element-e7ee2dc\" data-id=\"e7ee2dc\" data-element_type=\"column\">\n\t\t\t<div class=\"elementor-widget-wrap elementor-element-populated\">\n\t\t\t\t\t\t<div class=\"elementor-element elementor-element-36ca3de elementor-widget elementor-widget-text-editor\" data-id=\"36ca3de\" data-element_type=\"widget\" data-widget_type=\"text-editor.default\">\n\t\t\t\t<div class=\"elementor-widget-container\">\n\t\t\t\t\t\t\t\t\t<h3 class=\"western\" style=\"text-align: center;\">Bi\u00ebnnale Vilvoorde 2025<\/h3><p style=\"text-align: center;\">Samen met kunstenaars uit de zustersteden Vilvoorde BE en Ennepetal DE organiseert de Koninklijke Portaelskring Vilvoorde deze tentoonstelling onder de titel<\/p><p style=\"text-align: center;\"><b>\u201cA PART OF . . .&#8221;<br \/>Als lid van <\/b><i><b>Kunstraum EN<\/b><\/i><b> ben ik een van de deelnemers.<\/b><\/p><p style=\"text-align: center;\"><b>Plaats<\/b>:<br \/>De Galerij \u2013 Asiatpark &#8211; Mechelsesteenweg 255, 1800 Vilvoorde.<\/p><p style=\"text-align: center;\">Vanaf zaterdag 22 t\/m zondag 30 Maart, vrijdags, zaterdags en zondags geopend van 14 \u2013 17 uur. Zondag 23 maart geopend van 13 \u2013 18 uur.<\/p><p style=\"text-align: center;\"><b>Vernissage<\/b>: Zaterdag 22.03.2025 14.00 Uur.\u00a0<\/p>\t\t\t\t\t\t\t\t<\/div>\n\t\t\t\t<\/div>\n\t\t\t\t\t<\/div>\n\t\t<\/div>\n\t\t\t\t\t<\/div>\n\t\t<\/section>\n\t\t\t\t<div class=\"elementor-element elementor-element-6916c5a elementor-widget-divider--view-line elementor-widget elementor-widget-divider\" data-id=\"6916c5a\" data-element_type=\"widget\" data-widget_type=\"divider.default\">\n\t\t\t\t<div class=\"elementor-widget-container\">\n\t\t\t\t\t\t\t<div class=\"elementor-divider\">\n\t\t\t<span class=\"elementor-divider-separator\">\n\t\t\t\t\t\t<\/span>\n\t\t<\/div>\n\t\t\t\t\t\t<\/div>\n\t\t\t\t<\/div>\n\t\t\t\t<section class=\"elementor-section elementor-inner-section elementor-element elementor-element-25dc7e9 elementor-section-boxed elementor-section-height-default elementor-section-height-default\" data-id=\"25dc7e9\" data-element_type=\"section\">\n\t\t\t\t\t\t<div class=\"elementor-container elementor-column-gap-default\">\n\t\t\t\t\t<div class=\"aux-parallax-section elementor-column elementor-col-50 elementor-inner-column elementor-element elementor-element-ecdbf90\" data-id=\"ecdbf90\" data-element_type=\"column\">\n\t\t\t<div class=\"elementor-widget-wrap elementor-element-populated\">\n\t\t\t\t\t\t<div class=\"elementor-element elementor-element-7961298 elementor-widget elementor-widget-image\" data-id=\"7961298\" data-element_type=\"widget\" data-widget_type=\"image.default\">\n\t\t\t\t<div class=\"elementor-widget-container\">\n\t\t\t\t\t\t\t\t\t\t\t\t\t\t\t\t<a href=\"https:\/\/www.mariabemelmans.com\/wp-content\/uploads\/2024\/10\/2024_KunstraumEN-in-LEO-Theater-Schwelm.jpeg\" data-elementor-open-lightbox=\"yes\" data-elementor-lightbox-title=\"2024_KunstraumEN-in-LEO-Theater-Schwelm\" data-e-action-hash=\"#elementor-action%3Aaction%3Dlightbox%26settings%3DeyJpZCI6MjI0NSwidXJsIjoiaHR0cHM6XC9cL3d3dy5tYXJpYWJlbWVsbWFucy5jb21cL3dwLWNvbnRlbnRcL3VwbG9hZHNcLzIwMjRcLzEwXC8yMDI0X0t1bnN0cmF1bUVOLWluLUxFTy1UaGVhdGVyLVNjaHdlbG0uanBlZyJ9\">\n\t\t\t\t\t\t\t<img loading=\"lazy\" decoding=\"async\" width=\"150\" height=\"150\" src=\"https:\/\/www.mariabemelmans.com\/wp-content\/uploads\/2024\/10\/2024_KunstraumEN-in-LEO-Theater-Schwelm-150x150.jpeg\" class=\"attachment-thumbnail size-thumbnail wp-image-2245\" alt=\"\" srcset=\"https:\/\/www.mariabemelmans.com\/wp-content\/uploads\/2024\/10\/2024_KunstraumEN-in-LEO-Theater-Schwelm-150x150.jpeg 150w, https:\/\/www.mariabemelmans.com\/wp-content\/uploads\/2024\/10\/2024_KunstraumEN-in-LEO-Theater-Schwelm-300x300.jpeg 300w, https:\/\/www.mariabemelmans.com\/wp-content\/uploads\/2024\/10\/2024_KunstraumEN-in-LEO-Theater-Schwelm-1024x1024.jpeg 1024w, https:\/\/www.mariabemelmans.com\/wp-content\/uploads\/2024\/10\/2024_KunstraumEN-in-LEO-Theater-Schwelm-768x768.jpeg 768w, https:\/\/www.mariabemelmans.com\/wp-content\/uploads\/2024\/10\/2024_KunstraumEN-in-LEO-Theater-Schwelm.jpeg 1272w\" sizes=\"(max-width: 150px) 100vw, 150px\" \/>\t\t\t\t\t\t\t\t<\/a>\n\t\t\t\t\t\t\t\t\t\t\t\t\t\t\t<\/div>\n\t\t\t\t<\/div>\n\t\t\t\t\t<\/div>\n\t\t<\/div>\n\t\t\t\t<div class=\"aux-parallax-section elementor-column elementor-col-50 elementor-inner-column elementor-element elementor-element-09ce7f9\" data-id=\"09ce7f9\" data-element_type=\"column\">\n\t\t\t<div class=\"elementor-widget-wrap elementor-element-populated\">\n\t\t\t\t\t\t<div class=\"elementor-element elementor-element-cfea4fe elementor-widget elementor-widget-text-editor\" data-id=\"cfea4fe\" data-element_type=\"widget\" data-widget_type=\"text-editor.default\">\n\t\t\t\t<div class=\"elementor-widget-container\">\n\t\t\t\t\t\t\t\t\t<h3 style=\"text-align: center;\"><strong>Kunstraum EN im Leo Theater | Farben &amp; T\u00f6ne<\/strong><strong><br \/><\/strong><\/h3><p style=\"text-align: center;\"><strong>Leo Theater:<br \/><span data-olk-copy-source=\"MessageBody\">Wilhelmstra\u00dfe 41<br \/>58332 Schwelm, Duitsland<\/span><\/strong><strong><br \/><\/strong><\/p><p style=\"text-align: center;\"><strong>27. Oktober bis 29. Dezember 2024<br \/><\/strong><\/p><p style=\"text-align: center;\"><strong>Vernissage &#8211; 27. Oktober, 11.00 Uhr<br \/>Finissage &#8211; 29. Dezember, 11.00 Uhr<br \/><\/strong><\/p><p style=\"text-align: center;\">Download: <a href=\"https:\/\/www.mariabemelmans.com\/wp-content\/uploads\/2024\/10\/2024_KunstraumEN-in-LEO-Theater-Schwelm.jpeg\">affiche<\/a><\/p>\t\t\t\t\t\t\t\t<\/div>\n\t\t\t\t<\/div>\n\t\t\t\t\t<\/div>\n\t\t<\/div>\n\t\t\t\t\t<\/div>\n\t\t<\/section>\n\t\t\t\t<div class=\"elementor-element elementor-element-56fc532 elementor-widget-divider--view-line elementor-widget elementor-widget-divider\" data-id=\"56fc532\" data-element_type=\"widget\" data-widget_type=\"divider.default\">\n\t\t\t\t<div class=\"elementor-widget-container\">\n\t\t\t\t\t\t\t<div class=\"elementor-divider\">\n\t\t\t<span class=\"elementor-divider-separator\">\n\t\t\t\t\t\t<\/span>\n\t\t<\/div>\n\t\t\t\t\t\t<\/div>\n\t\t\t\t<\/div>\n\t\t\t\t<section class=\"elementor-section elementor-inner-section elementor-element elementor-element-2d8f49b elementor-section-boxed elementor-section-height-default elementor-section-height-default\" data-id=\"2d8f49b\" data-element_type=\"section\">\n\t\t\t\t\t\t<div class=\"elementor-container elementor-column-gap-default\">\n\t\t\t\t\t<div class=\"aux-parallax-section elementor-column elementor-col-50 elementor-inner-column elementor-element elementor-element-fd27acc\" data-id=\"fd27acc\" data-element_type=\"column\">\n\t\t\t<div class=\"elementor-widget-wrap elementor-element-populated\">\n\t\t\t\t\t\t\t<\/div>\n\t\t<\/div>\n\t\t\t\t<div class=\"aux-parallax-section elementor-column elementor-col-50 elementor-inner-column elementor-element elementor-element-8dde500\" data-id=\"8dde500\" data-element_type=\"column\">\n\t\t\t<div class=\"elementor-widget-wrap elementor-element-populated\">\n\t\t\t\t\t\t<div class=\"elementor-element elementor-element-128c231 elementor-widget elementor-widget-text-editor\" data-id=\"128c231\" data-element_type=\"widget\" data-widget_type=\"text-editor.default\">\n\t\t\t\t<div class=\"elementor-widget-container\">\n\t\t\t\t\t\t\t\t\t<h3 style=\"text-align: center;\">Gallerij<strong> Artisjok &#8216;en Atelier Eddy Blond<\/strong><strong>\u00e9<\/strong><\/h3><h3 style=\"text-align: center;\"><strong>| KUNST&#8217;EN BELEVING<\/strong><strong><br \/><\/strong><\/h3><p style=\"text-align: center;\"><strong>Toeffelhoek 24<br \/>2531 BOECHOUT (VREMDE), Belgi\u00eb<\/strong><strong><br \/><\/strong><\/p><p style=\"text-align: center;\"><strong>Vrijdag 5 Juli t\/m Zondag 11 Augustus 2024<br \/>EXPO telkens open: DO-VRIJ-ZA-ZO &#8211; 14u-18u<br \/><\/strong><\/p><p style=\"text-align: center;\">Download: <a href=\"https:\/\/www.mariabemelmans.com\/wp-content\/uploads\/2024\/07\/affiche_druk.pdf\" target=\"_blank\" rel=\"noopener\">Gallerij Artisjok &#8216;en Atelier Eddy Blond\u00e9 affiche<\/a><\/p>\t\t\t\t\t\t\t\t<\/div>\n\t\t\t\t<\/div>\n\t\t\t\t\t<\/div>\n\t\t<\/div>\n\t\t\t\t\t<\/div>\n\t\t<\/section>\n\t\t\t\t<div class=\"elementor-element elementor-element-6be700d elementor-widget-divider--view-line elementor-widget elementor-widget-divider\" data-id=\"6be700d\" data-element_type=\"widget\" data-widget_type=\"divider.default\">\n\t\t\t\t<div class=\"elementor-widget-container\">\n\t\t\t\t\t\t\t<div class=\"elementor-divider\">\n\t\t\t<span class=\"elementor-divider-separator\">\n\t\t\t\t\t\t<\/span>\n\t\t<\/div>\n\t\t\t\t\t\t<\/div>\n\t\t\t\t<\/div>\n\t\t\t\t<section class=\"elementor-section elementor-inner-section elementor-element elementor-element-b6c8877 elementor-section-boxed elementor-section-height-default elementor-section-height-default\" data-id=\"b6c8877\" data-element_type=\"section\">\n\t\t\t\t\t\t<div class=\"elementor-container elementor-column-gap-default\">\n\t\t\t\t\t<div class=\"aux-parallax-section elementor-column elementor-col-50 elementor-inner-column elementor-element elementor-element-67e59c6\" data-id=\"67e59c6\" data-element_type=\"column\">\n\t\t\t<div class=\"elementor-widget-wrap elementor-element-populated\">\n\t\t\t\t\t\t<div class=\"elementor-element elementor-element-495c74f elementor-widget elementor-widget-image\" data-id=\"495c74f\" data-element_type=\"widget\" data-widget_type=\"image.default\">\n\t\t\t\t<div class=\"elementor-widget-container\">\n\t\t\t\t\t\t\t\t\t\t\t\t\t\t\t\t<a href=\"https:\/\/www.mariabemelmans.com\/wp-content\/uploads\/2023\/06\/2023.Artisjok_LIER.jpg\" data-elementor-open-lightbox=\"yes\" data-elementor-lightbox-title=\"2023.Artisjok_LIER\" data-e-action-hash=\"#elementor-action%3Aaction%3Dlightbox%26settings%3DeyJpZCI6MjIyOCwidXJsIjoiaHR0cHM6XC9cL3d3dy5tYXJpYWJlbWVsbWFucy5jb21cL3dwLWNvbnRlbnRcL3VwbG9hZHNcLzIwMjNcLzA2XC8yMDIzLkFydGlzam9rX0xJRVIuanBnIn0%3D\">\n\t\t\t\t\t\t\t<img loading=\"lazy\" decoding=\"async\" width=\"150\" height=\"150\" src=\"https:\/\/www.mariabemelmans.com\/wp-content\/uploads\/2023\/06\/2023.Artisjok_LIER-150x150.jpg\" class=\"attachment-thumbnail size-thumbnail wp-image-2228\" alt=\"Foto Artisjok 2023\" srcset=\"https:\/\/www.mariabemelmans.com\/wp-content\/uploads\/2023\/06\/2023.Artisjok_LIER-150x150.jpg 150w, https:\/\/www.mariabemelmans.com\/wp-content\/uploads\/2023\/06\/2023.Artisjok_LIER-300x300.jpg 300w\" sizes=\"(max-width: 150px) 100vw, 150px\" \/>\t\t\t\t\t\t\t\t<\/a>\n\t\t\t\t\t\t\t\t\t\t\t\t\t\t\t<\/div>\n\t\t\t\t<\/div>\n\t\t\t\t\t<\/div>\n\t\t<\/div>\n\t\t\t\t<div class=\"aux-parallax-section elementor-column elementor-col-50 elementor-inner-column elementor-element elementor-element-ae0da54\" data-id=\"ae0da54\" data-element_type=\"column\">\n\t\t\t<div class=\"elementor-widget-wrap elementor-element-populated\">\n\t\t\t\t\t\t<div class=\"elementor-element elementor-element-e4a6c36 elementor-widget elementor-widget-text-editor\" data-id=\"e4a6c36\" data-element_type=\"widget\" data-widget_type=\"text-editor.default\">\n\t\t\t\t<div class=\"elementor-widget-container\">\n\t\t\t\t\t\t\t\t\t<h3 style=\"text-align: center;\"><strong>Gallerij Artisjok | SUMMER OF GLASS 2023<\/strong><strong><br \/><\/strong><\/h3><p style=\"text-align: center;\"><strong>Antwerpse straat 62\/64<br \/>2500 LIER, Belgi\u00eb<\/strong><strong><br \/><\/strong><\/p><p style=\"text-align: center;\"><strong>Zaterdag 8 Juli t\/m Zondag 3 September 2023<br \/>Donderdag t\/m zondag, 14:00u &#8211; 18:00u<\/strong><\/p><p style=\"text-align: center;\"><strong>Persvoorstelling: Vrijdag 7 Juli namiddag<\/strong><\/p>\t\t\t\t\t\t\t\t<\/div>\n\t\t\t\t<\/div>\n\t\t\t\t\t<\/div>\n\t\t<\/div>\n\t\t\t\t\t<\/div>\n\t\t<\/section>\n\t\t\t\t<div class=\"elementor-element elementor-element-5a1320a elementor-widget-divider--view-line elementor-widget elementor-widget-divider\" data-id=\"5a1320a\" data-element_type=\"widget\" data-widget_type=\"divider.default\">\n\t\t\t\t<div class=\"elementor-widget-container\">\n\t\t\t\t\t\t\t<div class=\"elementor-divider\">\n\t\t\t<span class=\"elementor-divider-separator\">\n\t\t\t\t\t\t<\/span>\n\t\t<\/div>\n\t\t\t\t\t\t<\/div>\n\t\t\t\t<\/div>\n\t\t\t\t<section class=\"elementor-section elementor-inner-section elementor-element elementor-element-db44699 elementor-section-boxed elementor-section-height-default elementor-section-height-default\" data-id=\"db44699\" data-element_type=\"section\">\n\t\t\t\t\t\t<div class=\"elementor-container elementor-column-gap-default\">\n\t\t\t\t\t<div class=\"aux-parallax-section elementor-column elementor-col-50 elementor-inner-column elementor-element elementor-element-460b61a\" data-id=\"460b61a\" data-element_type=\"column\">\n\t\t\t<div class=\"elementor-widget-wrap elementor-element-populated\">\n\t\t\t\t\t\t<div class=\"elementor-element elementor-element-94e3037 elementor-widget elementor-widget-image\" data-id=\"94e3037\" data-element_type=\"widget\" data-widget_type=\"image.default\">\n\t\t\t\t<div class=\"elementor-widget-container\">\n\t\t\t\t\t\t\t\t\t\t\t\t\t\t\t\t<a href=\"https:\/\/www.mariabemelmans.com\/wp-content\/uploads\/2023\/05\/FL_11te_Hoehlerbiennale_vs_kl_web.jpg\" data-elementor-open-lightbox=\"yes\" data-elementor-lightbox-title=\"FL_11te_Hoehlerbiennale_vs_kl_web\" data-e-action-hash=\"#elementor-action%3Aaction%3Dlightbox%26settings%3DeyJpZCI6MjIxMywidXJsIjoiaHR0cHM6XC9cL3d3dy5tYXJpYWJlbWVsbWFucy5jb21cL3dwLWNvbnRlbnRcL3VwbG9hZHNcLzIwMjNcLzA1XC9GTF8xMXRlX0hvZWhsZXJiaWVubmFsZV92c19rbF93ZWIuanBnIn0%3D\">\n\t\t\t\t\t\t\t<img loading=\"lazy\" decoding=\"async\" width=\"150\" height=\"150\" src=\"https:\/\/www.mariabemelmans.com\/wp-content\/uploads\/2023\/05\/FL_11te_Hoehlerbiennale_vs_kl_web-150x150.jpg\" class=\"attachment-thumbnail size-thumbnail wp-image-2213\" alt=\"Gera grotten poster 2023\" srcset=\"https:\/\/www.mariabemelmans.com\/wp-content\/uploads\/2023\/05\/FL_11te_Hoehlerbiennale_vs_kl_web-150x150.jpg 150w, https:\/\/www.mariabemelmans.com\/wp-content\/uploads\/2023\/05\/FL_11te_Hoehlerbiennale_vs_kl_web-300x300.jpg 300w, https:\/\/www.mariabemelmans.com\/wp-content\/uploads\/2023\/05\/FL_11te_Hoehlerbiennale_vs_kl_web-764x768.jpg 764w\" sizes=\"(max-width: 150px) 100vw, 150px\" \/>\t\t\t\t\t\t\t\t<\/a>\n\t\t\t\t\t\t\t\t\t\t\t\t\t\t\t<\/div>\n\t\t\t\t<\/div>\n\t\t\t\t\t<\/div>\n\t\t<\/div>\n\t\t\t\t<div class=\"aux-parallax-section elementor-column elementor-col-50 elementor-inner-column elementor-element elementor-element-c448515\" data-id=\"c448515\" data-element_type=\"column\">\n\t\t\t<div class=\"elementor-widget-wrap elementor-element-populated\">\n\t\t\t\t\t\t<div class=\"elementor-element elementor-element-3b89cd4 elementor-widget elementor-widget-text-editor\" data-id=\"3b89cd4\" data-element_type=\"widget\" data-widget_type=\"text-editor.default\">\n\t\t\t\t<div class=\"elementor-widget-container\">\n\t\t\t\t\t\t\t\t\t<h3 style=\"text-align: center;\"><strong>H\u00f6hler Biennale 2023 &#8220;LandUNTER&#8221;<\/strong><strong><br \/><\/strong><\/h3><p style=\"text-align: center;\"><strong>Greizer Stra\u00dfe 37<br \/>Gera, Duitsland<\/strong><\/p><p style=\"text-align: center;\"><strong>21 Juli t\/m 13 Oktober 2023<br \/>Woensdag t\/m Zondag, 11:00u &#8211; 18:00u<br \/><\/strong><\/p><p style=\"text-align: center;\"><span class=\"\"><strong>Deelnemende kunstenaars<\/strong><br \/><strong>Maria Bemelmans \/ (NL)<\/strong> <\/span><br \/><span class=\"\">G\u00fcnter Blanck \/ North Rhine-Westphalia (DE) <\/span><br \/><span class=\"\">Ralph Eck \/ Thuringia (DE) <\/span><br \/><span class=\"\">Michael Ernst \/ Thuringia (DE) <\/span><br \/><span class=\"\">Philipp Geist \/ Berlin (DE) <\/span><br \/><span class=\"\">Yvonne Goulbier \/ Lower Saxony (DE) <\/span><br \/><span class=\"\">Cosima G\u00f6pfert \/ Thuringia (DE) <\/span><br \/><span class=\"\">Christiane Kleinhempel \/ Saxony (DE) <\/span><br \/><span class=\"\">Kathrin K\u00f6nig \/ Thuringia (DE) <\/span><br \/><span class=\"\">Karsten Kunert \/ Thuringia (DE) <\/span><br \/><span class=\"\">Susanne Laufer \/ Lower Saxony (DE) <\/span><br \/><span class=\"\">Nils Lauterbach \/ Thuringia (DE) <\/span><br \/><span class=\"\">Claudia Kathrin Leyh \/ Thuringia (DE) <\/span><br \/><span class=\"\">Alban Mahrer \/ (CH) <\/span><br \/><span class=\"\">Oscar Estepa Marin \/ (ES) <\/span><br \/><span class=\"\">Lara Mouvee \/ Hesse (DE) <\/span><br \/><span class=\"\">Judith Rautenberg \/ Thuringia (DE) <\/span><br \/><span class=\"\">Christian Sachs \/Thuringia (DE) <\/span><br \/><span class=\"\">Ulrike Sch\u00fcchler \/ Hamburg (DE)<\/span><br \/>Wolfgang Schwarzentrub \/ Thuringia (DE) <br \/>Tina Schwichtenberg \/ Schleswig-Holstein (DE) <br \/>Heike Stephan \/ Thuringia (DE) <br \/>Susanne Worschech \/ Thuringia (DE)<\/p><p style=\"text-align: center;\"><a href=\"https:\/\/www.hoehlerbiennale.de\/hoehlerbiennale.html\" target=\"_blank\" rel=\"noopener\">Link naar website<\/a><\/p>\t\t\t\t\t\t\t\t<\/div>\n\t\t\t\t<\/div>\n\t\t\t\t\t<\/div>\n\t\t<\/div>\n\t\t\t\t\t<\/div>\n\t\t<\/section>\n\t\t\t\t<div class=\"elementor-element elementor-element-48ebc9d elementor-widget-divider--view-line elementor-widget elementor-widget-divider\" data-id=\"48ebc9d\" data-element_type=\"widget\" data-widget_type=\"divider.default\">\n\t\t\t\t<div class=\"elementor-widget-container\">\n\t\t\t\t\t\t\t<div class=\"elementor-divider\">\n\t\t\t<span class=\"elementor-divider-separator\">\n\t\t\t\t\t\t<\/span>\n\t\t<\/div>\n\t\t\t\t\t\t<\/div>\n\t\t\t\t<\/div>\n\t\t\t\t<section class=\"elementor-section elementor-inner-section elementor-element elementor-element-2e80028 elementor-section-boxed elementor-section-height-default elementor-section-height-default\" data-id=\"2e80028\" data-element_type=\"section\">\n\t\t\t\t\t\t<div class=\"elementor-container elementor-column-gap-default\">\n\t\t\t\t\t<div class=\"aux-parallax-section elementor-column elementor-col-50 elementor-inner-column elementor-element elementor-element-1aa7e78\" data-id=\"1aa7e78\" data-element_type=\"column\">\n\t\t\t<div class=\"elementor-widget-wrap elementor-element-populated\">\n\t\t\t\t\t\t\t<\/div>\n\t\t<\/div>\n\t\t\t\t<div class=\"aux-parallax-section elementor-column elementor-col-50 elementor-inner-column elementor-element elementor-element-d079c78\" data-id=\"d079c78\" data-element_type=\"column\">\n\t\t\t<div class=\"elementor-widget-wrap elementor-element-populated\">\n\t\t\t\t\t\t<div class=\"elementor-element elementor-element-12d12c0 elementor-widget elementor-widget-text-editor\" data-id=\"12d12c0\" data-element_type=\"widget\" data-widget_type=\"text-editor.default\">\n\t\t\t\t<div class=\"elementor-widget-container\">\n\t\t\t\t\t\t\t\t\t<h3 style=\"text-align: center;\"><strong>IKA GLAS | Erfgoed dag 2023<\/strong><strong><br><\/strong><\/h3>\n<p style=\"text-align: center;\"><strong>Veemarkt 39<br>2800 Mechelen<\/strong><strong> BE<br><\/strong><\/p>\n<p style=\"text-align: center;\"><strong>Zondag 23-04-202310:00u t\/m 17:00u<\/strong><\/p>\n<p style=\"text-align: center;\">Tentoonstelling van fabeldieren, gemaakt in verschillende glastechnieken.<\/p>\n<p style=\"text-align: center;\">Demonstraties glasblazen rechtstreekts te bekijken in het glasblaasatelier.<br>Glasblaasatelier is voor iedereen toegankelijk (op het gelijkvloers). Sommige stukken van de tentoonstelling zijn op de eerste verdieping, enkel toegankelijk via de trap.<\/p>\n<p style=\"text-align: center;\">Voor wie honger en dorst krijgt: er is een bar en verkoop van verse wafels<\/p>\n<p style=\"text-align: center;\"><a href=\"https:\/\/www.erfgoeddag.be\/activiteit\/fabuleuze-glazen-fabeldieren\" target=\"_blank\" rel=\"noopener\">IKA GLAS<\/a><\/p>\t\t\t\t\t\t\t\t<\/div>\n\t\t\t\t<\/div>\n\t\t\t\t\t<\/div>\n\t\t<\/div>\n\t\t\t\t\t<\/div>\n\t\t<\/section>\n\t\t\t\t<div class=\"elementor-element elementor-element-007eab8 elementor-widget-divider--view-line elementor-widget elementor-widget-divider\" data-id=\"007eab8\" data-element_type=\"widget\" data-widget_type=\"divider.default\">\n\t\t\t\t<div class=\"elementor-widget-container\">\n\t\t\t\t\t\t\t<div class=\"elementor-divider\">\n\t\t\t<span class=\"elementor-divider-separator\">\n\t\t\t\t\t\t<\/span>\n\t\t<\/div>\n\t\t\t\t\t\t<\/div>\n\t\t\t\t<\/div>\n\t\t\t\t<section class=\"elementor-section elementor-inner-section elementor-element elementor-element-77ac004 elementor-section-boxed elementor-section-height-default elementor-section-height-default\" data-id=\"77ac004\" data-element_type=\"section\">\n\t\t\t\t\t\t<div class=\"elementor-container elementor-column-gap-default\">\n\t\t\t\t\t<div class=\"aux-parallax-section elementor-column elementor-col-50 elementor-inner-column elementor-element elementor-element-3dfeba8\" data-id=\"3dfeba8\" data-element_type=\"column\">\n\t\t\t<div class=\"elementor-widget-wrap elementor-element-populated\">\n\t\t\t\t\t\t<div class=\"elementor-element elementor-element-a44a316 elementor-widget elementor-widget-image\" data-id=\"a44a316\" data-element_type=\"widget\" data-widget_type=\"image.default\">\n\t\t\t\t<div class=\"elementor-widget-container\">\n\t\t\t\t\t\t\t\t\t\t\t\t\t\t\t\t<a href=\"https:\/\/www.mariabemelmans.com\/wp-content\/uploads\/2022\/11\/Einladung.jpeg\" data-elementor-open-lightbox=\"yes\" data-elementor-lightbox-title=\"Einladung\" data-e-action-hash=\"#elementor-action%3Aaction%3Dlightbox%26settings%3DeyJpZCI6MjE5MiwidXJsIjoiaHR0cHM6XC9cL3d3dy5tYXJpYWJlbWVsbWFucy5jb21cL3dwLWNvbnRlbnRcL3VwbG9hZHNcLzIwMjJcLzExXC9FaW5sYWR1bmcuanBlZyJ9\">\n\t\t\t\t\t\t\t<img loading=\"lazy\" decoding=\"async\" width=\"150\" height=\"150\" src=\"https:\/\/www.mariabemelmans.com\/wp-content\/uploads\/2022\/11\/Einladung-150x150.jpeg\" class=\"attachment-thumbnail size-thumbnail wp-image-2192\" alt=\"\" srcset=\"https:\/\/www.mariabemelmans.com\/wp-content\/uploads\/2022\/11\/Einladung-150x150.jpeg 150w, https:\/\/www.mariabemelmans.com\/wp-content\/uploads\/2022\/11\/Einladung-300x300.jpeg 300w, https:\/\/www.mariabemelmans.com\/wp-content\/uploads\/2022\/11\/Einladung-768x768.jpeg 768w\" sizes=\"(max-width: 150px) 100vw, 150px\" \/>\t\t\t\t\t\t\t\t<\/a>\n\t\t\t\t\t\t\t\t\t\t\t\t\t\t\t<\/div>\n\t\t\t\t<\/div>\n\t\t\t\t\t<\/div>\n\t\t<\/div>\n\t\t\t\t<div class=\"aux-parallax-section elementor-column elementor-col-50 elementor-inner-column elementor-element elementor-element-af3f962\" data-id=\"af3f962\" data-element_type=\"column\">\n\t\t\t<div class=\"elementor-widget-wrap elementor-element-populated\">\n\t\t\t\t\t\t<div class=\"elementor-element elementor-element-b9abc82 elementor-widget elementor-widget-text-editor\" data-id=\"b9abc82\" data-element_type=\"widget\" data-widget_type=\"text-editor.default\">\n\t\t\t\t<div class=\"elementor-widget-container\">\n\t\t\t\t\t\t\t\t\t<h3 style=\"text-align: center;\"><strong>Perspektiven &#8211; <\/strong><strong>Jahresausstellung 2022 Kunstraum EN<br \/><\/strong><\/h3><p style=\"text-align: center;\"><strong>Haus Martfeld<\/strong><br \/><strong>58332 Schwelm (DE)<br \/><\/strong><\/p><p style=\"text-align: center;\"><strong>\u00d6ffnung 27 november 2022 11:00 Uhr<\/strong><br \/><strong>\u00d6ffnungszeiten der Ausstellung: 27-11-2022 bis 19-02-2023<\/strong><br \/><strong>Di 14-17 Uhr<br \/>Sa &amp; So 12-17 Uhr<\/strong><\/p><p style=\"text-align: center;\">Download: <a href=\"https:\/\/www.mariabemelmans.com\/wp-content\/uploads\/2022\/11\/Einladung.jpeg\" target=\"_blank\" rel=\"noopener\" data-wplink-edit=\"true\">Einladung<\/a><\/p><p style=\"text-align: center;\">Download: <a href=\"https:\/\/www.mariabemelmans.com\/wp-content\/uploads\/2022\/11\/2022_Kunstraum_Press_JahresAusstellung.jpeg\" target=\"_blank\" rel=\"noopener\">Kunstraum Press<\/a><\/p><p style=\"text-align: center;\">Download: <a href=\"https:\/\/www.mariabemelmans.com\/wp-content\/uploads\/2022\/11\/Text-Martfeld.pdf\" target=\"_blank\" rel=\"noopener\">K\u00fcnstler und K\u00fcnstlerinnen von Kunstraum-EN<\/a><\/p>\t\t\t\t\t\t\t\t<\/div>\n\t\t\t\t<\/div>\n\t\t\t\t\t<\/div>\n\t\t<\/div>\n\t\t\t\t\t<\/div>\n\t\t<\/section>\n\t\t\t\t<div class=\"elementor-element elementor-element-d707433 elementor-widget-divider--view-line elementor-widget elementor-widget-divider\" data-id=\"d707433\" data-element_type=\"widget\" data-widget_type=\"divider.default\">\n\t\t\t\t<div class=\"elementor-widget-container\">\n\t\t\t\t\t\t\t<div class=\"elementor-divider\">\n\t\t\t<span class=\"elementor-divider-separator\">\n\t\t\t\t\t\t<\/span>\n\t\t<\/div>\n\t\t\t\t\t\t<\/div>\n\t\t\t\t<\/div>\n\t\t\t\t<section class=\"elementor-section elementor-inner-section elementor-element elementor-element-1be1362 elementor-section-boxed elementor-section-height-default elementor-section-height-default\" data-id=\"1be1362\" data-element_type=\"section\">\n\t\t\t\t\t\t<div class=\"elementor-container elementor-column-gap-default\">\n\t\t\t\t\t<div class=\"aux-parallax-section elementor-column elementor-col-50 elementor-inner-column elementor-element elementor-element-9b319b3\" data-id=\"9b319b3\" data-element_type=\"column\">\n\t\t\t<div class=\"elementor-widget-wrap elementor-element-populated\">\n\t\t\t\t\t\t<div class=\"elementor-element elementor-element-a0f4df6 elementor-widget elementor-widget-image\" data-id=\"a0f4df6\" data-element_type=\"widget\" data-widget_type=\"image.default\">\n\t\t\t\t<div class=\"elementor-widget-container\">\n\t\t\t\t\t\t\t\t\t\t\t\t\t\t\t\t<a href=\"https:\/\/www.mariabemelmans.com\/wp-content\/uploads\/2022\/04\/NATURE-ART-EN_2022.jpg\" data-elementor-open-lightbox=\"yes\" data-elementor-lightbox-title=\"NATURE ART EN_2022\" data-e-action-hash=\"#elementor-action%3Aaction%3Dlightbox%26settings%3DeyJpZCI6MjE3OCwidXJsIjoiaHR0cHM6XC9cL3d3dy5tYXJpYWJlbWVsbWFucy5jb21cL3dwLWNvbnRlbnRcL3VwbG9hZHNcLzIwMjJcLzA0XC9OQVRVUkUtQVJULUVOXzIwMjIuanBnIn0%3D\">\n\t\t\t\t\t\t\t<img loading=\"lazy\" decoding=\"async\" width=\"150\" height=\"150\" src=\"https:\/\/www.mariabemelmans.com\/wp-content\/uploads\/2022\/04\/NATURE-ART-EN_2022-150x150.jpg\" class=\"attachment-thumbnail size-thumbnail wp-image-2178\" alt=\"Nature Art 2022\" srcset=\"https:\/\/www.mariabemelmans.com\/wp-content\/uploads\/2022\/04\/NATURE-ART-EN_2022-150x150.jpg 150w, https:\/\/www.mariabemelmans.com\/wp-content\/uploads\/2022\/04\/NATURE-ART-EN_2022-300x300.jpg 300w\" sizes=\"(max-width: 150px) 100vw, 150px\" \/>\t\t\t\t\t\t\t\t<\/a>\n\t\t\t\t\t\t\t\t\t\t\t\t\t\t\t<\/div>\n\t\t\t\t<\/div>\n\t\t\t\t\t<\/div>\n\t\t<\/div>\n\t\t\t\t<div class=\"aux-parallax-section elementor-column elementor-col-50 elementor-inner-column elementor-element elementor-element-9f09fe4\" data-id=\"9f09fe4\" data-element_type=\"column\">\n\t\t\t<div class=\"elementor-widget-wrap elementor-element-populated\">\n\t\t\t\t\t\t<div class=\"elementor-element elementor-element-cd54a07 elementor-widget elementor-widget-text-editor\" data-id=\"cd54a07\" data-element_type=\"widget\" data-widget_type=\"text-editor.default\">\n\t\t\t\t<div class=\"elementor-widget-container\">\n\t\t\t\t\t\t\t\t\t<h3 style=\"text-align: center;\"><strong>Nature Art 2022<\/strong><\/h3><p style=\"text-align: center;\"><strong>H\u00fclsenbecker Tal, Duitsland<br \/><\/strong><strong>1. bis 31. Mai<\/strong><\/p><p style=\"text-align: center;\"><strong>Einladung zur Er\u00f6ffnung der NATURE ART EN 2022 am 1. Mai um 11 Uhr<br \/>mit B\u00fcrgermeisterin Imke Heymann und Livemusik von Stefan Otto<br \/><\/strong><\/p><p style=\"text-align: center;\"><strong>Maria Bemelmans &#8211; Doenrade, Niederlande<\/strong><br \/>Helmut Berka &#8211; Herne<br \/>Niklas Berndt &#8211; Wetter<br \/>Imke Braselmann &#8211; Ennepetal<br \/>Dorit Breyer &#8211; Ennepetal<br \/>Myriam Bruls &#8211; Vilvoorde, Belgi\u00eb<br \/>Manja Dessel &#8211; Hattingen<br \/>Marko Dowald &#8211; Ennepetal<br \/>Thomas Hammelmann &#8211; Freiburg<br \/>Doris Hommes &#8211; Schwelm<br \/>Barbara Neumann &#8211; Bochum<br \/>Makus Nottke &amp; Johannes Dennda &#8211; Ennepetal<br \/>Peter Nyman &#8211; Hattingen<br \/>Brigitte Riechelmann &#8211; Gevelsberg<br \/>Kirsten R\u00f6nfeldt &#8211; Schwelm<br \/>Annette Schulze-Lohoff &#8211; Hattingen<br \/>Klaus Schr\u00f6der &#8211; Witten<br \/>Veerle Steurs &#8211; Vilvoorde, Belgi\u00eb<br \/>Anne Rose Stumpf &#8211; Bakkan, Norwegen<br \/>Catherine Tinteren-Klitzke &#8211; Bochum<br \/>Heike Walter &#8211; D\u00fcsseldorf<br \/>Berthold Welter &#8211; Leichlingen<br \/>Volker Winkelmann &#8211; Sprockh\u00f6vel<\/p><p style=\"text-align: center;\">Download: <a href=\"https:\/\/www.mariabemelmans.com\/wp-content\/uploads\/2022\/04\/Zeitungsartikel-Nature-Art-2022.jpg\" target=\"_blank\" rel=\"noopener\">Zeitungsartikel Nature Art 2022<\/a><\/p>\t\t\t\t\t\t\t\t<\/div>\n\t\t\t\t<\/div>\n\t\t\t\t\t<\/div>\n\t\t<\/div>\n\t\t\t\t\t<\/div>\n\t\t<\/section>\n\t\t\t\t<div class=\"elementor-element elementor-element-1d5738f elementor-widget-divider--view-line elementor-widget elementor-widget-divider\" data-id=\"1d5738f\" data-element_type=\"widget\" data-widget_type=\"divider.default\">\n\t\t\t\t<div class=\"elementor-widget-container\">\n\t\t\t\t\t\t\t<div class=\"elementor-divider\">\n\t\t\t<span class=\"elementor-divider-separator\">\n\t\t\t\t\t\t<\/span>\n\t\t<\/div>\n\t\t\t\t\t\t<\/div>\n\t\t\t\t<\/div>\n\t\t\t\t<section class=\"elementor-section elementor-inner-section elementor-element elementor-element-0db64ba elementor-section-boxed elementor-section-height-default elementor-section-height-default\" data-id=\"0db64ba\" data-element_type=\"section\">\n\t\t\t\t\t\t<div class=\"elementor-container elementor-column-gap-default\">\n\t\t\t\t\t<div class=\"aux-parallax-section elementor-column elementor-col-50 elementor-inner-column elementor-element elementor-element-a88904e\" data-id=\"a88904e\" data-element_type=\"column\">\n\t\t\t<div class=\"elementor-widget-wrap elementor-element-populated\">\n\t\t\t\t\t\t<div class=\"elementor-element elementor-element-763225c elementor-widget elementor-widget-image\" data-id=\"763225c\" data-element_type=\"widget\" data-widget_type=\"image.default\">\n\t\t\t\t<div class=\"elementor-widget-container\">\n\t\t\t\t\t\t\t\t\t\t\t\t\t\t\t\t<a href=\"https:\/\/www.mariabemelmans.com\/wp-content\/uploads\/2022\/02\/Hilden-vorn.jpeg\" data-elementor-open-lightbox=\"yes\" data-elementor-lightbox-title=\"Sichtweisen Hilden 2022\" data-e-action-hash=\"#elementor-action%3Aaction%3Dlightbox%26settings%3DeyJpZCI6MjEyMywidXJsIjoiaHR0cHM6XC9cL3d3dy5tYXJpYWJlbWVsbWFucy5jb21cL3dwLWNvbnRlbnRcL3VwbG9hZHNcLzIwMjJcLzAyXC9IaWxkZW4tdm9ybi5qcGVnIn0%3D\">\n\t\t\t\t\t\t\t<img loading=\"lazy\" decoding=\"async\" width=\"150\" height=\"150\" src=\"https:\/\/www.mariabemelmans.com\/wp-content\/uploads\/2022\/02\/Hilden-vorn-150x150.jpeg\" class=\"attachment-thumbnail size-thumbnail wp-image-2123\" alt=\"Sichtweisen Hilden 2022\" srcset=\"https:\/\/www.mariabemelmans.com\/wp-content\/uploads\/2022\/02\/Hilden-vorn-150x150.jpeg 150w, https:\/\/www.mariabemelmans.com\/wp-content\/uploads\/2022\/02\/Hilden-vorn-300x300.jpeg 300w\" sizes=\"(max-width: 150px) 100vw, 150px\" \/>\t\t\t\t\t\t\t\t<\/a>\n\t\t\t\t\t\t\t\t\t\t\t\t\t\t\t<\/div>\n\t\t\t\t<\/div>\n\t\t\t\t\t<\/div>\n\t\t<\/div>\n\t\t\t\t<div class=\"aux-parallax-section elementor-column elementor-col-50 elementor-inner-column elementor-element elementor-element-610bcaf\" data-id=\"610bcaf\" data-element_type=\"column\">\n\t\t\t<div class=\"elementor-widget-wrap elementor-element-populated\">\n\t\t\t\t\t\t<div class=\"elementor-element elementor-element-4211863 elementor-widget elementor-widget-text-editor\" data-id=\"4211863\" data-element_type=\"widget\" data-widget_type=\"text-editor.default\">\n\t\t\t\t<div class=\"elementor-widget-container\">\n\t\t\t\t\t\t\t\t\t<h3 style=\"text-align: center;\">SICHTWEISEN<\/h3><p style=\"text-align: center;\">Kunstraum EN e.V.<\/p><p style=\"text-align: center;\">zu Gast im Haus Hildener K\u00fcnstler<\/p><p style=\"text-align: center;\"><strong>Vernissage: Samstag, 2 April 2022, 16:00 Uhr<\/strong><\/p><p style=\"text-align: center;\"><strong>Haus Hildener K\u00fcnstler, Hofstra\u00dfe 6, 40723 Hilden DE<\/strong><\/p><p style=\"text-align: center;\">Die Ausstellung kann vom<strong> 2 bis 17 April 2022 <\/strong>besichtigt werden.<\/p><p style=\"text-align: center;\"><strong>\u00d6ffnungszeiten:<\/strong><br \/><strong>Do., 16:00 bis 18:00 Uhr.<\/strong><br \/><strong>Sa., 14:00 bis 18:00 Uhr.<\/strong><br \/><strong>So., 11:00 bis 18:00 Uhr.<\/strong><\/p><p style=\"text-align: center;\">Download: <a href=\"https:\/\/www.mariabemelmans.com\/wp-content\/uploads\/2022\/03\/SICHTWEISEN-HILDEN-2022-v2.pdf\" target=\"_blank\" rel=\"noopener\">SICHTWEISEN HILDEN 2022<\/a><\/p>\t\t\t\t\t\t\t\t<\/div>\n\t\t\t\t<\/div>\n\t\t\t\t\t<\/div>\n\t\t<\/div>\n\t\t\t\t\t<\/div>\n\t\t<\/section>\n\t\t\t\t<div class=\"elementor-element elementor-element-3e65696 elementor-widget-divider--view-line elementor-widget elementor-widget-divider\" data-id=\"3e65696\" data-element_type=\"widget\" data-widget_type=\"divider.default\">\n\t\t\t\t<div class=\"elementor-widget-container\">\n\t\t\t\t\t\t\t<div class=\"elementor-divider\">\n\t\t\t<span class=\"elementor-divider-separator\">\n\t\t\t\t\t\t<\/span>\n\t\t<\/div>\n\t\t\t\t\t\t<\/div>\n\t\t\t\t<\/div>\n\t\t\t\t<section class=\"elementor-section elementor-inner-section elementor-element elementor-element-641fdcc elementor-section-boxed elementor-section-height-default elementor-section-height-default\" data-id=\"641fdcc\" data-element_type=\"section\">\n\t\t\t\t\t\t<div class=\"elementor-container elementor-column-gap-default\">\n\t\t\t\t\t<div class=\"aux-parallax-section elementor-column elementor-col-50 elementor-inner-column elementor-element elementor-element-4682fd9\" data-id=\"4682fd9\" data-element_type=\"column\">\n\t\t\t<div class=\"elementor-widget-wrap elementor-element-populated\">\n\t\t\t\t\t\t<div class=\"elementor-element elementor-element-031cf46 elementor-widget elementor-widget-image\" data-id=\"031cf46\" data-element_type=\"widget\" data-widget_type=\"image.default\">\n\t\t\t\t<div class=\"elementor-widget-container\">\n\t\t\t\t\t\t\t\t\t\t\t\t\t\t\t\t<a href=\"https:\/\/www.mariabemelmans.com\/wp-content\/uploads\/2022\/03\/Space_Transmitter__Maria_Bemelmans.jpg\" data-elementor-open-lightbox=\"yes\" data-elementor-lightbox-title=\"Space_Transmitter__Maria_Bemelmans\" data-e-action-hash=\"#elementor-action%3Aaction%3Dlightbox%26settings%3DeyJpZCI6MjE3MywidXJsIjoiaHR0cHM6XC9cL3d3dy5tYXJpYWJlbWVsbWFucy5jb21cL3dwLWNvbnRlbnRcL3VwbG9hZHNcLzIwMjJcLzAzXC9TcGFjZV9UcmFuc21pdHRlcl9fTWFyaWFfQmVtZWxtYW5zLmpwZyJ9\">\n\t\t\t\t\t\t\t<img loading=\"lazy\" decoding=\"async\" width=\"150\" height=\"150\" src=\"https:\/\/www.mariabemelmans.com\/wp-content\/uploads\/2022\/03\/Space_Transmitter__Maria_Bemelmans-150x150.jpg\" class=\"attachment-thumbnail size-thumbnail wp-image-2173\" alt=\"Space_Transmitter__Maria_Bemelmans\" srcset=\"https:\/\/www.mariabemelmans.com\/wp-content\/uploads\/2022\/03\/Space_Transmitter__Maria_Bemelmans-150x150.jpg 150w, https:\/\/www.mariabemelmans.com\/wp-content\/uploads\/2022\/03\/Space_Transmitter__Maria_Bemelmans-300x300.jpg 300w\" sizes=\"(max-width: 150px) 100vw, 150px\" \/>\t\t\t\t\t\t\t\t<\/a>\n\t\t\t\t\t\t\t\t\t\t\t\t\t\t\t<\/div>\n\t\t\t\t<\/div>\n\t\t\t\t\t<\/div>\n\t\t<\/div>\n\t\t\t\t<div class=\"aux-parallax-section elementor-column elementor-col-50 elementor-inner-column elementor-element elementor-element-eceef24\" data-id=\"eceef24\" data-element_type=\"column\">\n\t\t\t<div class=\"elementor-widget-wrap elementor-element-populated\">\n\t\t\t\t\t\t<div class=\"elementor-element elementor-element-d7e60b3 elementor-widget elementor-widget-text-editor\" data-id=\"d7e60b3\" data-element_type=\"widget\" data-widget_type=\"text-editor.default\">\n\t\t\t\t<div class=\"elementor-widget-container\">\n\t\t\t\t\t\t\t\t\t<h4 style=\"text-align: center;\">Online Exhibition<\/h4><h3 style=\"text-align: center;\">Ordinary to Extraordinary &#8211; Contemporary Glass Society<\/h3><p style=\"text-align: center;\"><strong>Launched on: 7th March 2022<br \/><\/strong><strong>Ends on: 25th April 2022<\/strong><\/p><p style=\"text-align: center;\"><a href=\"https:\/\/www.cgs.org.uk\/onlineexhibition\/ordinary-to-extraordinary-7th-march-25th-april-deadline-for-submissions-2nd-march-2022\/\" target=\"_blank\" rel=\"noopener\">Link to Exhibition<\/a><\/p>\t\t\t\t\t\t\t\t<\/div>\n\t\t\t\t<\/div>\n\t\t\t\t\t<\/div>\n\t\t<\/div>\n\t\t\t\t\t<\/div>\n\t\t<\/section>\n\t\t\t\t<div class=\"elementor-element elementor-element-9393e46 elementor-widget-divider--view-line elementor-widget elementor-widget-divider\" data-id=\"9393e46\" data-element_type=\"widget\" data-widget_type=\"divider.default\">\n\t\t\t\t<div class=\"elementor-widget-container\">\n\t\t\t\t\t\t\t<div class=\"elementor-divider\">\n\t\t\t<span class=\"elementor-divider-separator\">\n\t\t\t\t\t\t<\/span>\n\t\t<\/div>\n\t\t\t\t\t\t<\/div>\n\t\t\t\t<\/div>\n\t\t\t\t<section class=\"elementor-section elementor-inner-section elementor-element elementor-element-23c13ad elementor-section-boxed elementor-section-height-default elementor-section-height-default\" data-id=\"23c13ad\" data-element_type=\"section\">\n\t\t\t\t\t\t<div class=\"elementor-container elementor-column-gap-default\">\n\t\t\t\t\t<div class=\"aux-parallax-section elementor-column elementor-col-50 elementor-inner-column elementor-element elementor-element-01b4b50\" data-id=\"01b4b50\" data-element_type=\"column\">\n\t\t\t<div class=\"elementor-widget-wrap elementor-element-populated\">\n\t\t\t\t\t\t<div class=\"elementor-element elementor-element-75e307d elementor-widget elementor-widget-image\" data-id=\"75e307d\" data-element_type=\"widget\" data-widget_type=\"image.default\">\n\t\t\t\t<div class=\"elementor-widget-container\">\n\t\t\t\t\t\t\t\t\t\t\t\t\t\t\t<img loading=\"lazy\" decoding=\"async\" width=\"367\" height=\"363\" src=\"https:\/\/www.mariabemelmans.com\/wp-content\/uploads\/2022\/01\/NieuweLogoNKvBlowlowres.png\" class=\"attachment-large size-large wp-image-2058\" alt=\"NKvB logo\" \/>\t\t\t\t\t\t\t\t\t\t\t\t\t\t\t<\/div>\n\t\t\t\t<\/div>\n\t\t\t\t\t<\/div>\n\t\t<\/div>\n\t\t\t\t<div class=\"aux-parallax-section elementor-column elementor-col-50 elementor-inner-column elementor-element elementor-element-f84aef3\" data-id=\"f84aef3\" data-element_type=\"column\">\n\t\t\t<div class=\"elementor-widget-wrap elementor-element-populated\">\n\t\t\t\t\t\t<div class=\"elementor-element elementor-element-8a3fd21 elementor-widget elementor-widget-text-editor\" data-id=\"8a3fd21\" data-element_type=\"widget\" data-widget_type=\"text-editor.default\">\n\t\t\t\t<div class=\"elementor-widget-container\">\n\t\t\t\t\t\t\t\t\t<p style=\"text-align: center;\">Uit PERSBERICHT januari 2022 NKvB (<a href=\"http:\/\/www.NKvB.nl\" target=\"_blank\" rel=\"noopener\">www.NKvB.nl<\/a>)<\/p><p style=\"text-align: center;\">Groepstentoonstelling van leden van de Nederlandse Kring van Beeldhouwers:<\/p><p style=\"text-align: center;\">&#8216;<strong>DIERLIJK<\/strong>&#8216; in galerie HazArt Soest, Pimpelmees 3, 3766 AX Soest (<a href=\"http:\/\/www.hazart.nl\" target=\"_blank\" rel=\"noopener\">www.hazart.nl<\/a>)<\/p><p style=\"text-align: center;\">In deze tentoonstelling is te zien hoe 26 hedendaagse beeldhouwers het thema Dierlijk in hun beelden verwerken.<\/p><p style=\"text-align: center;\">Dit heeft een caleidoscopische verzameling beelden opgeleverd, vari\u00ebrend van figuratieve verbeelding van dieren tot meer abstracte en geabstraheerde vormen. Maar er worden ook beelden getoond waarin het dierlijke niet letterlijk is uitgebeeld maar die anderszins een dierlijke uitstraling hebben of met het karakter van primair leven, of zelfs met de\u00a0 overblijfselen van dode dieren.<\/p><p style=\"text-align: center;\">Curatoren: Gonda van der Zwaag en Marian Meerbeek<\/p><p style=\"text-align: center;\"><strong>Begin: 5 maart 2022<br \/><\/strong><strong>Einde: 1 mei 2022<br \/>Opening 6 maart 2022 14.00 uur<\/strong><br \/><strong>Openingstijden wo t\/m vr van 10.00 &#8211; 17.00 uur en za van 10.00 &#8211; 16.00 uur<\/strong><\/p><p style=\"text-align: center;\">De 26 hedendaagse Beeldhouwers:<\/p><table style=\"width: 50%; margin-left: 25%; margin-right: 25%;\"><tbody><tr><td style=\"border: none; text-align: center; padding: 0px;\">Mia Trompenaars<\/td><td style=\"border: none; text-align: center; padding: 0px;\">Ada van Wonderen<\/td><\/tr><tr><td style=\"border: none; text-align: center; padding: 0px;\">Jan Wils<\/td><td style=\"border: none; text-align: center; padding: 0px;\">Antoinette Bri\u00ebt<\/td><\/tr><tr><td style=\"border: none; text-align: center; padding: 0px;\">Joke Zaal<\/td><td style=\"border: none; text-align: center; padding: 0px;\">Annemie Bogaerts<\/td><\/tr><tr><td style=\"border: none; text-align: center; padding: 0px;\">Leni van den Band<\/td><td style=\"border: none; text-align: center; padding: 0px;\">Babette Degraeve<\/td><\/tr><tr><td style=\"border: none; text-align: center; padding: 0px;\">Godelieve Smulders<\/td><td style=\"border: none; text-align: center; padding: 0px;\">Bert Poot<\/td><\/tr><tr><td style=\"border: none; text-align: center; padding: 0px;\">Gonda van der Zwaag<\/td><td style=\"border: none; text-align: center; padding: 0px;\">Caroline Diepstraten<\/td><\/tr><tr><td style=\"border: none; text-align: center; padding: 0px;\">Marian Meerbeek<\/td><td style=\"border: none; text-align: center; padding: 0px;\">Eddy Gheress<\/td><\/tr><tr><td style=\"border: none; text-align: center; padding: 0px;\">Jos Verschaeren<\/td><td style=\"border: none; text-align: center; padding: 0px;\">Ellen Klijzing<\/td><\/tr><tr><td style=\"border: none; text-align: center; padding: 0px;\">Irma Horstman<\/td><td style=\"border: none; text-align: center; padding: 0px;\">Jeroen Stok<\/td><\/tr><tr><td style=\"border: none; text-align: center; padding: 0px;\">Tom Wagenaar<\/td><td style=\"border: none; text-align: center; padding: 0px;\">Juli\u00ebtte van de Walle<\/td><\/tr><tr><td style=\"border: none; text-align: center; padding: 0px;\">Lia Versteege<\/td><td style=\"border: none; text-align: center; padding: 0px;\"><strong>Maria Bemelmans<\/strong><\/td><\/tr><tr><td style=\"border: none; text-align: center; padding: 0px;\">Marieke Geerlings<\/td><td style=\"border: none; text-align: center; padding: 0px;\">Niels Lous<\/td><\/tr><tr><td style=\"border: none; text-align: center; padding: 0px;\">Marina van der Kooi<\/td><td style=\"border: none; text-align: center; padding: 0px;\">Rianne Schaaf<\/td><\/tr><\/tbody><\/table><p style=\"text-align: center;\">Tijdens de expositieperiode zullen aan het dier gerelateerde activiteiten worden georganiseerd.<br \/>Kijk voor de actuele lijst en aanvullende informatie op <a href=\"http:\/\/www.nkvb.nl\" target=\"_blank\" rel=\"noopener\">www.NKvB.nl<\/a> en <a href=\"http:\/\/www.hazart.nl\" target=\"_blank\" rel=\"noopener\">www.hazart.nl<\/a><br \/>of neem contact op met een van de curatoren:<br \/><a href=\"mailto:gonda.vanderzwaag@hi.nl\">gonda.vanderzwaag@hi.nl<\/a> of <a href=\"mailto:marianmeerbeek@gmail.com\">marianmeerbeek@gmail.com<\/a><\/p><p style=\"text-align: center;\">Download <a href=\"https:\/\/www.mariabemelmans.com\/wp-content\/uploads\/2022\/03\/DIERLIJK-A5-INVITE.pdf\" target=\"_blank\" rel=\"noopener\">DIERLIJK A5 INVITE<\/a><\/p>\t\t\t\t\t\t\t\t<\/div>\n\t\t\t\t<\/div>\n\t\t\t\t\t<\/div>\n\t\t<\/div>\n\t\t\t\t\t<\/div>\n\t\t<\/section>\n\t\t\t\t<div class=\"elementor-element elementor-element-82ec1fb elementor-widget-divider--view-line elementor-widget elementor-widget-divider\" data-id=\"82ec1fb\" data-element_type=\"widget\" data-widget_type=\"divider.default\">\n\t\t\t\t<div class=\"elementor-widget-container\">\n\t\t\t\t\t\t\t<div class=\"elementor-divider\">\n\t\t\t<span class=\"elementor-divider-separator\">\n\t\t\t\t\t\t<\/span>\n\t\t<\/div>\n\t\t\t\t\t\t<\/div>\n\t\t\t\t<\/div>\n\t\t\t\t<section class=\"elementor-section elementor-inner-section elementor-element elementor-element-c7c0240 elementor-section-boxed elementor-section-height-default elementor-section-height-default\" data-id=\"c7c0240\" data-element_type=\"section\">\n\t\t\t\t\t\t<div class=\"elementor-container elementor-column-gap-default\">\n\t\t\t\t\t<div class=\"aux-parallax-section elementor-column elementor-col-50 elementor-inner-column elementor-element elementor-element-c5ab018\" data-id=\"c5ab018\" data-element_type=\"column\">\n\t\t\t<div class=\"elementor-widget-wrap elementor-element-populated\">\n\t\t\t\t\t\t\t<\/div>\n\t\t<\/div>\n\t\t\t\t<div class=\"aux-parallax-section elementor-column elementor-col-50 elementor-inner-column elementor-element elementor-element-06b5f2f\" data-id=\"06b5f2f\" data-element_type=\"column\">\n\t\t\t<div class=\"elementor-widget-wrap elementor-element-populated\">\n\t\t\t\t\t\t<div class=\"elementor-element elementor-element-819bea7 elementor-widget elementor-widget-text-editor\" data-id=\"819bea7\" data-element_type=\"widget\" data-widget_type=\"text-editor.default\">\n\t\t\t\t<div class=\"elementor-widget-container\">\n\t\t\t\t\t\t\t\t\t<h3 style=\"text-align: center;\">Expedition ins wesentliche<\/h3><p style=\"text-align: center;\">Kunstraum EN e.V.<\/p><p style=\"text-align: center;\"><strong>5-3-2022 bis 3-4-2022<\/strong><\/p><p style=\"text-align: center;\"><strong>\u00d6ffnungszeiten: Sa. 15:00 bis 18:00 Uhr | So. 14:00 bis 18:00 Uhr<\/strong><br \/><strong>Finissage: Sonntag 3-4-2022, 14:00 bis 18:00 Uhr<\/strong><br \/><strong>Anfahrt: bitte folgen sie der beschilderung des stra\u00dfenmuseums<\/strong><\/p><p style=\"text-align: center;\">Download: <a href=\"https:\/\/www.mariabemelmans.com\/wp-content\/uploads\/2022\/02\/220201_Expedition_Ins_Wesentliche-1.pdf\" target=\"_blank\" rel=\"noopener\">Expedition ins wesentliche<\/a><\/p>\t\t\t\t\t\t\t\t<\/div>\n\t\t\t\t<\/div>\n\t\t\t\t\t<\/div>\n\t\t<\/div>\n\t\t\t\t\t<\/div>\n\t\t<\/section>\n\t\t\t\t<div class=\"elementor-element elementor-element-334929b elementor-widget-divider--view-line elementor-widget elementor-widget-divider\" data-id=\"334929b\" data-element_type=\"widget\" data-widget_type=\"divider.default\">\n\t\t\t\t<div class=\"elementor-widget-container\">\n\t\t\t\t\t\t\t<div class=\"elementor-divider\">\n\t\t\t<span class=\"elementor-divider-separator\">\n\t\t\t\t\t\t<\/span>\n\t\t<\/div>\n\t\t\t\t\t\t<\/div>\n\t\t\t\t<\/div>\n\t\t\t\t<section class=\"elementor-section elementor-inner-section elementor-element elementor-element-a018245 elementor-section-boxed elementor-section-height-default elementor-section-height-default\" data-id=\"a018245\" data-element_type=\"section\">\n\t\t\t\t\t\t<div class=\"elementor-container elementor-column-gap-default\">\n\t\t\t\t\t<div class=\"aux-parallax-section elementor-column elementor-col-50 elementor-inner-column elementor-element elementor-element-50ffd64\" data-id=\"50ffd64\" data-element_type=\"column\">\n\t\t\t<div class=\"elementor-widget-wrap elementor-element-populated\">\n\t\t\t\t\t\t<div class=\"elementor-element elementor-element-e9a613a elementor-widget elementor-widget-image\" data-id=\"e9a613a\" data-element_type=\"widget\" data-widget_type=\"image.default\">\n\t\t\t\t<div class=\"elementor-widget-container\">\n\t\t\t\t\t\t\t\t\t\t\t\t\t\t\t\t<a href=\"https:\/\/www.mariabemelmans.com\/wp-content\/uploads\/2022\/02\/CCI19022022_cr.jpg\" data-elementor-open-lightbox=\"yes\" data-elementor-lightbox-title=\"Kunst bij Nacht\" data-e-action-hash=\"#elementor-action%3Aaction%3Dlightbox%26settings%3DeyJpZCI6MjExMiwidXJsIjoiaHR0cHM6XC9cL3d3dy5tYXJpYWJlbWVsbWFucy5jb21cL3dwLWNvbnRlbnRcL3VwbG9hZHNcLzIwMjJcLzAyXC9DQ0kxOTAyMjAyMl9jci5qcGcifQ%3D%3D\">\n\t\t\t\t\t\t\t<img loading=\"lazy\" decoding=\"async\" width=\"1024\" height=\"1024\" src=\"https:\/\/www.mariabemelmans.com\/wp-content\/uploads\/2022\/02\/CCI19022022_cr-1024x1024.jpg\" class=\"attachment-large size-large wp-image-2112\" alt=\"Kunst bij Nacht\" srcset=\"https:\/\/www.mariabemelmans.com\/wp-content\/uploads\/2022\/02\/CCI19022022_cr-1024x1024.jpg 1024w, https:\/\/www.mariabemelmans.com\/wp-content\/uploads\/2022\/02\/CCI19022022_cr-300x300.jpg 300w, https:\/\/www.mariabemelmans.com\/wp-content\/uploads\/2022\/02\/CCI19022022_cr-150x150.jpg 150w, https:\/\/www.mariabemelmans.com\/wp-content\/uploads\/2022\/02\/CCI19022022_cr-768x768.jpg 768w\" sizes=\"(max-width: 1024px) 100vw, 1024px\" \/>\t\t\t\t\t\t\t\t<\/a>\n\t\t\t\t\t\t\t\t\t\t\t\t\t\t\t<\/div>\n\t\t\t\t<\/div>\n\t\t\t\t\t<\/div>\n\t\t<\/div>\n\t\t\t\t<div class=\"aux-parallax-section elementor-column elementor-col-50 elementor-inner-column elementor-element elementor-element-b699e9e\" data-id=\"b699e9e\" data-element_type=\"column\">\n\t\t\t<div class=\"elementor-widget-wrap elementor-element-populated\">\n\t\t\t\t\t\t<div class=\"elementor-element elementor-element-20cf42a elementor-widget elementor-widget-text-editor\" data-id=\"20cf42a\" data-element_type=\"widget\" data-widget_type=\"text-editor.default\">\n\t\t\t\t<div class=\"elementor-widget-container\">\n\t\t\t\t\t\t\t\t\t<h3 style=\"text-align: center;\">Kunst bij Nacht<br \/>Dag van de academies<\/h3><p style=\"text-align: center;\">IKA Mechelen, Belgi\u00eb<\/p><p style=\"text-align: center;\"><strong>19 februari 2022<\/strong><br \/><strong>12:00u &#8211; 20:00u<\/strong><\/p><p style=\"text-align: center;\">Boekbinden<br \/>Cross-over projecten<br \/>Fotografie<br \/>Glaskunst<br \/>Juweelontwerpen\/edelmetaal<br \/>Keramiek<br \/>Projectatelier<\/p><p style=\"text-align: center;\">Veemarkt 39, 2088 Mechelen, Belgi\u00eb<br \/><a href=\"http:\/\/www.ikamechelen.be\">www.ikamechelen.be<\/a><\/p>\t\t\t\t\t\t\t\t<\/div>\n\t\t\t\t<\/div>\n\t\t\t\t\t<\/div>\n\t\t<\/div>\n\t\t\t\t\t<\/div>\n\t\t<\/section>\n\t\t\t\t<div class=\"elementor-element elementor-element-08942c2 elementor-widget-divider--view-line elementor-widget elementor-widget-divider\" data-id=\"08942c2\" data-element_type=\"widget\" data-widget_type=\"divider.default\">\n\t\t\t\t<div class=\"elementor-widget-container\">\n\t\t\t\t\t\t\t<div class=\"elementor-divider\">\n\t\t\t<span class=\"elementor-divider-separator\">\n\t\t\t\t\t\t<\/span>\n\t\t<\/div>\n\t\t\t\t\t\t<\/div>\n\t\t\t\t<\/div>\n\t\t\t\t<section class=\"elementor-section elementor-inner-section elementor-element elementor-element-05a533f elementor-section-boxed elementor-section-height-default elementor-section-height-default\" data-id=\"05a533f\" data-element_type=\"section\">\n\t\t\t\t\t\t<div class=\"elementor-container elementor-column-gap-default\">\n\t\t\t\t\t<div class=\"aux-parallax-section elementor-column elementor-col-50 elementor-inner-column elementor-element elementor-element-c5c164b\" data-id=\"c5c164b\" data-element_type=\"column\">\n\t\t\t<div class=\"elementor-widget-wrap elementor-element-populated\">\n\t\t\t\t\t\t<div class=\"elementor-element elementor-element-b821fb0 elementor-widget elementor-widget-image\" data-id=\"b821fb0\" data-element_type=\"widget\" data-widget_type=\"image.default\">\n\t\t\t\t<div class=\"elementor-widget-container\">\n\t\t\t\t\t\t\t\t\t\t\t\t\t\t\t\t<a href=\"https:\/\/www.mariabemelmans.com\/wp-content\/uploads\/2022\/01\/Jahresausstellung2021-3..jpeg\">\n\t\t\t\t\t\t\t<img loading=\"lazy\" decoding=\"async\" width=\"960\" height=\"1024\" src=\"https:\/\/www.mariabemelmans.com\/wp-content\/uploads\/2022\/01\/Jahresausstellung2021-3.-960x1024.jpeg\" class=\"attachment-large size-large wp-image-2054\" alt=\"\" \/>\t\t\t\t\t\t\t\t<\/a>\n\t\t\t\t\t\t\t\t\t\t\t\t\t\t\t<\/div>\n\t\t\t\t<\/div>\n\t\t\t\t\t<\/div>\n\t\t<\/div>\n\t\t\t\t<div class=\"aux-parallax-section elementor-column elementor-col-50 elementor-inner-column elementor-element elementor-element-93838b8\" data-id=\"93838b8\" data-element_type=\"column\">\n\t\t\t<div class=\"elementor-widget-wrap elementor-element-populated\">\n\t\t\t\t\t\t<div class=\"elementor-element elementor-element-5d2f815 elementor-widget elementor-widget-text-editor\" data-id=\"5d2f815\" data-element_type=\"widget\" data-widget_type=\"text-editor.default\">\n\t\t\t\t<div class=\"elementor-widget-container\">\n\t\t\t\t\t\t\t\t\t<h4 style=\"text-align: center;\"><strong>Kunstraum EN e.V. EINLADUNG Jahresausstellung<\/strong><\/h4><p class=\"default-style\" style=\"text-align: center;\">Uitnodiging voor de &#8216;Jaar Tentoonstelling van Kunstraum EN e.V.&#8217; in onze galerie Bergstrasse 32, 58256 Ennepetal [DE]<p class=\"default-style\" style=\"text-align: center;\">Deelnemende kunstenaars: \u201eGruppe Leuchtstoff\u201c (Peter M\u00e4der, Wolfgang Lieber, Ralf Friedrich), <strong>Maria Bemelmans<\/strong>, Reinhard Dedecek, Marko Dowald, Werner Kollhoff, Brigitte Riechelmann, Norbert Kramer, Wolfgang Zachow.<\/p><p class=\"default-style\" style=\"text-align: center;\"><strong>Vernisage 17-12-21 om 17.30<\/strong><\/p><p class=\"default-style\" style=\"text-align: center;\"><strong>Einde 16-01-22<\/strong><\/p>\t\t\t\t\t\t\t\t<\/div>\n\t\t\t\t<\/div>\n\t\t\t\t\t<\/div>\n\t\t<\/div>\n\t\t\t\t\t<\/div>\n\t\t<\/section>\n\t\t\t\t<div class=\"elementor-element elementor-element-db70bcc elementor-widget-divider--view-line elementor-widget elementor-widget-divider\" data-id=\"db70bcc\" data-element_type=\"widget\" data-widget_type=\"divider.default\">\n\t\t\t\t<div class=\"elementor-widget-container\">\n\t\t\t\t\t\t\t<div class=\"elementor-divider\">\n\t\t\t<span class=\"elementor-divider-separator\">\n\t\t\t\t\t\t<\/span>\n\t\t<\/div>\n\t\t\t\t\t\t<\/div>\n\t\t\t\t<\/div>\n\t\t\t\t<section class=\"elementor-section elementor-inner-section elementor-element elementor-element-693a7d8 elementor-section-boxed elementor-section-height-default elementor-section-height-default\" data-id=\"693a7d8\" data-element_type=\"section\">\n\t\t\t\t\t\t<div class=\"elementor-container elementor-column-gap-default\">\n\t\t\t\t\t<div class=\"aux-parallax-section elementor-column elementor-col-50 elementor-inner-column elementor-element elementor-element-5b2cdc4\" data-id=\"5b2cdc4\" data-element_type=\"column\">\n\t\t\t<div class=\"elementor-widget-wrap\">\n\t\t\t\t\t\t\t<\/div>\n\t\t<\/div>\n\t\t\t\t<div class=\"aux-parallax-section elementor-column elementor-col-50 elementor-inner-column elementor-element elementor-element-316d31c\" data-id=\"316d31c\" data-element_type=\"column\">\n\t\t\t<div class=\"elementor-widget-wrap elementor-element-populated\">\n\t\t\t\t\t\t<div class=\"elementor-element elementor-element-f552823 elementor-widget elementor-widget-text-editor\" data-id=\"f552823\" data-element_type=\"widget\" data-widget_type=\"text-editor.default\">\n\t\t\t\t<div class=\"elementor-widget-container\">\n\t\t\t\t\t\t\t\t\t<h4 style=\"text-align: center;\">&#8220;TEXTURES\/How Do You Feel?&#8221;<\/h4>\n<p style=\"text-align: center;\">Online tentoonstelling<br>An International CGS Glass Exhibition Hosting 51 selected CGS Members<br><strong>8 mei tot 9 juni 2021<\/strong><br><a href=\"https:\/\/www.cgs.org.uk\/onlineexhibition\/textures-how-do-you-feel\/\">www.cgs.org.uk\/onlineexhibition\/textures-how-do-you-feel?\/<\/a><\/p>\t\t\t\t\t\t\t\t<\/div>\n\t\t\t\t<\/div>\n\t\t\t\t\t<\/div>\n\t\t<\/div>\n\t\t\t\t\t<\/div>\n\t\t<\/section>\n\t\t\t\t<div class=\"elementor-element elementor-element-d886c49 elementor-widget-divider--view-line elementor-widget elementor-widget-divider\" data-id=\"d886c49\" data-element_type=\"widget\" data-widget_type=\"divider.default\">\n\t\t\t\t<div class=\"elementor-widget-container\">\n\t\t\t\t\t\t\t<div class=\"elementor-divider\">\n\t\t\t<span class=\"elementor-divider-separator\">\n\t\t\t\t\t\t<\/span>\n\t\t<\/div>\n\t\t\t\t\t\t<\/div>\n\t\t\t\t<\/div>\n\t\t\t\t<section class=\"elementor-section elementor-inner-section elementor-element elementor-element-876d1e9 elementor-section-boxed elementor-section-height-default elementor-section-height-default\" data-id=\"876d1e9\" data-element_type=\"section\">\n\t\t\t\t\t\t<div class=\"elementor-container elementor-column-gap-default\">\n\t\t\t\t\t<div class=\"aux-parallax-section elementor-column elementor-col-50 elementor-inner-column elementor-element elementor-element-a03615f\" data-id=\"a03615f\" data-element_type=\"column\">\n\t\t\t<div class=\"elementor-widget-wrap\">\n\t\t\t\t\t\t\t<\/div>\n\t\t<\/div>\n\t\t\t\t<div class=\"aux-parallax-section elementor-column elementor-col-50 elementor-inner-column elementor-element elementor-element-c77e7a7\" data-id=\"c77e7a7\" data-element_type=\"column\">\n\t\t\t<div class=\"elementor-widget-wrap elementor-element-populated\">\n\t\t\t\t\t\t<div class=\"elementor-element elementor-element-1b787ec elementor-widget elementor-widget-text-editor\" data-id=\"1b787ec\" data-element_type=\"widget\" data-widget_type=\"text-editor.default\">\n\t\t\t\t<div class=\"elementor-widget-container\">\n\t\t\t\t\t\t\t\t\t<h4 style=\"text-align: center;\">&#8220;HANDS ACROSS THE WORLD&#8221;<\/h4><p style=\"text-align: center;\">Online tentoonstelling<br \/><strong>11th January to 26th February 2021<\/strong><br \/><a href=\"http:\/\/www.cgs.org.uk\/onlineexhibition\/hands-across-the-world\/\">www.cgs.org.uk\/onlineexhibition\/hands-across-the-world\/<\/a><\/p>\t\t\t\t\t\t\t\t<\/div>\n\t\t\t\t<\/div>\n\t\t\t\t\t<\/div>\n\t\t<\/div>\n\t\t\t\t\t<\/div>\n\t\t<\/section>\n\t\t\t\t<div class=\"elementor-element elementor-element-6c1c992 elementor-widget-divider--view-line elementor-widget elementor-widget-divider\" data-id=\"6c1c992\" data-element_type=\"widget\" data-widget_type=\"divider.default\">\n\t\t\t\t<div class=\"elementor-widget-container\">\n\t\t\t\t\t\t\t<div class=\"elementor-divider\">\n\t\t\t<span class=\"elementor-divider-separator\">\n\t\t\t\t\t\t<\/span>\n\t\t<\/div>\n\t\t\t\t\t\t<\/div>\n\t\t\t\t<\/div>\n\t\t\t\t<section class=\"elementor-section elementor-inner-section elementor-element elementor-element-066f507 elementor-section-boxed elementor-section-height-default elementor-section-height-default\" data-id=\"066f507\" data-element_type=\"section\">\n\t\t\t\t\t\t<div class=\"elementor-container elementor-column-gap-default\">\n\t\t\t\t\t<div class=\"aux-parallax-section elementor-column elementor-col-50 elementor-inner-column elementor-element elementor-element-75d90ca\" data-id=\"75d90ca\" data-element_type=\"column\">\n\t\t\t<div class=\"elementor-widget-wrap elementor-element-populated\">\n\t\t\t\t\t\t<div class=\"elementor-element elementor-element-235941a elementor-widget elementor-widget-image\" data-id=\"235941a\" data-element_type=\"widget\" data-widget_type=\"image.default\">\n\t\t\t\t<div class=\"elementor-widget-container\">\n\t\t\t\t\t\t\t\t\t\t\t\t\t\t\t<img loading=\"lazy\" decoding=\"async\" width=\"150\" height=\"150\" src=\"https:\/\/www.mariabemelmans.com\/wp-content\/uploads\/2018\/05\/Flyer-Glaskunst-1-150x150.jpg\" class=\"attachment-thumbnail size-thumbnail wp-image-1824\" alt=\"\" srcset=\"https:\/\/www.mariabemelmans.com\/wp-content\/uploads\/2018\/05\/Flyer-Glaskunst-1-150x150.jpg 150w, https:\/\/www.mariabemelmans.com\/wp-content\/uploads\/2018\/05\/Flyer-Glaskunst-1-300x300.jpg 300w, https:\/\/www.mariabemelmans.com\/wp-content\/uploads\/2018\/05\/Flyer-Glaskunst-1-768x768.jpg 768w, https:\/\/www.mariabemelmans.com\/wp-content\/uploads\/2018\/05\/Flyer-Glaskunst-1-1024x1024.jpg 1024w\" sizes=\"(max-width: 150px) 100vw, 150px\" \/>\t\t\t\t\t\t\t\t\t\t\t\t\t\t\t<\/div>\n\t\t\t\t<\/div>\n\t\t\t\t\t<\/div>\n\t\t<\/div>\n\t\t\t\t<div class=\"aux-parallax-section elementor-column elementor-col-50 elementor-inner-column elementor-element elementor-element-c5b9564\" data-id=\"c5b9564\" data-element_type=\"column\">\n\t\t\t<div class=\"elementor-widget-wrap elementor-element-populated\">\n\t\t\t\t\t\t<div class=\"elementor-element elementor-element-fa6129f elementor-widget elementor-widget-text-editor\" data-id=\"fa6129f\" data-element_type=\"widget\" data-widget_type=\"text-editor.default\">\n\t\t\t\t<div class=\"elementor-widget-container\">\n\t\t\t\t\t\t\t\t\t<h4 style=\"text-align: center;\">&#8220;Glas natuurlijk&#8230;.. En meer&#8221;<\/h4><p style=\"text-align: center;\">Tentoonstelling \u201cGlas natuurlijk\u2026.. En meer\u201d, Een dialoog in mixed media<br \/>Kasteel Cannenburch, Maarten van Rossumplein 4, 8171 EB Vaassen (NL)<br \/><strong>3 november t\/m 17 november 2019<\/strong>, dinsdag \u2013 zondag open van 12:00 \u2013 17:00 uur<br \/>www.stichtingglaskunst.nl<\/p><p style=\"text-align: center;\">Download <a href=\"https:\/\/www.mariabemelmans.com\/wp-content\/uploads\/2022\/03\/Glasnatuurlijk.....-En-meer.pdf\" target=\"_blank\" rel=\"noopener\">Glas natuurlijk&#8230;.. En meer flyer<\/a><\/p>\t\t\t\t\t\t\t\t<\/div>\n\t\t\t\t<\/div>\n\t\t\t\t\t<\/div>\n\t\t<\/div>\n\t\t\t\t\t<\/div>\n\t\t<\/section>\n\t\t\t\t<div class=\"elementor-element elementor-element-87f67e0 elementor-widget-divider--view-line elementor-widget elementor-widget-divider\" data-id=\"87f67e0\" data-element_type=\"widget\" data-widget_type=\"divider.default\">\n\t\t\t\t<div class=\"elementor-widget-container\">\n\t\t\t\t\t\t\t<div class=\"elementor-divider\">\n\t\t\t<span class=\"elementor-divider-separator\">\n\t\t\t\t\t\t<\/span>\n\t\t<\/div>\n\t\t\t\t\t\t<\/div>\n\t\t\t\t<\/div>\n\t\t\t\t<section class=\"elementor-section elementor-inner-section elementor-element elementor-element-5178836 elementor-section-boxed elementor-section-height-default elementor-section-height-default\" data-id=\"5178836\" data-element_type=\"section\">\n\t\t\t\t\t\t<div class=\"elementor-container elementor-column-gap-default\">\n\t\t\t\t\t<div class=\"aux-parallax-section elementor-column elementor-col-50 elementor-inner-column elementor-element elementor-element-9c3619b\" data-id=\"9c3619b\" data-element_type=\"column\">\n\t\t\t<div class=\"elementor-widget-wrap elementor-element-populated\">\n\t\t\t\t\t\t<div class=\"elementor-element elementor-element-e21837f elementor-widget elementor-widget-image\" data-id=\"e21837f\" data-element_type=\"widget\" data-widget_type=\"image.default\">\n\t\t\t\t<div class=\"elementor-widget-container\">\n\t\t\t\t\t\t\t\t\t\t\t\t\t\t\t<img loading=\"lazy\" decoding=\"async\" width=\"150\" height=\"150\" src=\"https:\/\/www.mariabemelmans.com\/wp-content\/uploads\/2019\/10\/Web_KarteKuenstler-e1570974781482-150x150.jpg\" class=\"attachment-thumbnail size-thumbnail wp-image-1853\" alt=\"\" srcset=\"https:\/\/www.mariabemelmans.com\/wp-content\/uploads\/2019\/10\/Web_KarteKuenstler-e1570974781482-150x150.jpg 150w, https:\/\/www.mariabemelmans.com\/wp-content\/uploads\/2019\/10\/Web_KarteKuenstler-e1570974781482-300x300.jpg 300w, https:\/\/www.mariabemelmans.com\/wp-content\/uploads\/2019\/10\/Web_KarteKuenstler-e1570974781482-768x768.jpg 768w\" sizes=\"(max-width: 150px) 100vw, 150px\" \/>\t\t\t\t\t\t\t\t\t\t\t\t\t\t\t<\/div>\n\t\t\t\t<\/div>\n\t\t\t\t\t<\/div>\n\t\t<\/div>\n\t\t\t\t<div class=\"aux-parallax-section elementor-column elementor-col-50 elementor-inner-column elementor-element elementor-element-6929a03\" data-id=\"6929a03\" data-element_type=\"column\">\n\t\t\t<div class=\"elementor-widget-wrap elementor-element-populated\">\n\t\t\t\t\t\t<div class=\"elementor-element elementor-element-c0409ab elementor-widget elementor-widget-text-editor\" data-id=\"c0409ab\" data-element_type=\"widget\" data-widget_type=\"text-editor.default\">\n\t\t\t\t<div class=\"elementor-widget-container\">\n\t\t\t\t\t\t\t\t\t<h4 style=\"text-align: center;\">&#8220;Kunstpreis Ennepe \u2013 Ruhr 2019&#8221;<\/h4><p style=\"text-align: center;\">LWL \u2013 Industriemuseum, Henrichsh\u00fctte, Hattingen (DE)<br \/>Ausstellung Kunstpreis Ennepe Ruhr im LWL-Industriemuseum Henrichsh\u00fctte Hattingen, Werksstr. 31-33, 45527 Hattingen (DE)<br \/><strong>30 september t\/m 27 oktober 2019<\/strong>, dinsdag \u2013 zondag open van 10:00 \u2013 18:00 uur<br \/><a href=\"https:\/\/www.lwl.org\/industriemuseum\/standorte\/henrichshuette-hattingen\" target=\"_blank\" rel=\"noopener\">www.lwl.org\/industriemuseum\/standorte\/henrichshuette-hattingen<\/a><br \/>Vernissage Kunstpreis Ennepe \u2013 Ruhr 29 september 2019<\/p><p style=\"text-align: center;\">Download <a href=\"http:\/\/www.mariabemelmans.com\/wp-content\/uploads\/2018\/05\/2019.Kunstpreis_Ennepe-Ruhr.pdf\" target=\"_blank\" rel=\"noopener\">Kunstpreis Ennepe \u2013 Ruhr 2019<\/a><\/p><p style=\"text-align: center;\">Download <a href=\"http:\/\/www.mariabemelmans.com\/wp-content\/uploads\/2018\/05\/KarteKuenstler.pdf\">KarteKuenstler<\/a><\/p>\t\t\t\t\t\t\t\t<\/div>\n\t\t\t\t<\/div>\n\t\t\t\t\t<\/div>\n\t\t<\/div>\n\t\t\t\t\t<\/div>\n\t\t<\/section>\n\t\t\t\t<div class=\"elementor-element elementor-element-597e1d1 elementor-widget-divider--view-line elementor-widget elementor-widget-divider\" data-id=\"597e1d1\" data-element_type=\"widget\" data-widget_type=\"divider.default\">\n\t\t\t\t<div class=\"elementor-widget-container\">\n\t\t\t\t\t\t\t<div class=\"elementor-divider\">\n\t\t\t<span class=\"elementor-divider-separator\">\n\t\t\t\t\t\t<\/span>\n\t\t<\/div>\n\t\t\t\t\t\t<\/div>\n\t\t\t\t<\/div>\n\t\t\t\t<section class=\"elementor-section elementor-inner-section elementor-element elementor-element-0f91b27 elementor-section-boxed elementor-section-height-default elementor-section-height-default\" data-id=\"0f91b27\" data-element_type=\"section\">\n\t\t\t\t\t\t<div class=\"elementor-container elementor-column-gap-default\">\n\t\t\t\t\t<div class=\"aux-parallax-section elementor-column elementor-col-50 elementor-inner-column elementor-element elementor-element-21d655f\" data-id=\"21d655f\" data-element_type=\"column\">\n\t\t\t<div class=\"elementor-widget-wrap elementor-element-populated\">\n\t\t\t\t\t\t<div class=\"elementor-element elementor-element-d926429 elementor-widget elementor-widget-image\" data-id=\"d926429\" data-element_type=\"widget\" data-widget_type=\"image.default\">\n\t\t\t\t<div class=\"elementor-widget-container\">\n\t\t\t\t\t\t\t\t\t\t\t\t\t\t\t<img loading=\"lazy\" decoding=\"async\" width=\"150\" height=\"150\" src=\"https:\/\/www.mariabemelmans.com\/wp-content\/uploads\/2018\/05\/uitnodiging-NKvB-Pulchri-tuin-150x150.jpg\" class=\"attachment-thumbnail size-thumbnail wp-image-1843\" alt=\"\" srcset=\"https:\/\/www.mariabemelmans.com\/wp-content\/uploads\/2018\/05\/uitnodiging-NKvB-Pulchri-tuin-150x150.jpg 150w, https:\/\/www.mariabemelmans.com\/wp-content\/uploads\/2018\/05\/uitnodiging-NKvB-Pulchri-tuin-300x300.jpg 300w, https:\/\/www.mariabemelmans.com\/wp-content\/uploads\/2018\/05\/uitnodiging-NKvB-Pulchri-tuin-768x768.jpg 768w, https:\/\/www.mariabemelmans.com\/wp-content\/uploads\/2018\/05\/uitnodiging-NKvB-Pulchri-tuin-1024x1024.jpg 1024w\" sizes=\"(max-width: 150px) 100vw, 150px\" \/>\t\t\t\t\t\t\t\t\t\t\t\t\t\t\t<\/div>\n\t\t\t\t<\/div>\n\t\t\t\t\t<\/div>\n\t\t<\/div>\n\t\t\t\t<div class=\"aux-parallax-section elementor-column elementor-col-50 elementor-inner-column elementor-element elementor-element-d1ecbbf\" data-id=\"d1ecbbf\" data-element_type=\"column\">\n\t\t\t<div class=\"elementor-widget-wrap elementor-element-populated\">\n\t\t\t\t\t\t<div class=\"elementor-element elementor-element-323037d elementor-widget elementor-widget-text-editor\" data-id=\"323037d\" data-element_type=\"widget\" data-widget_type=\"text-editor.default\">\n\t\t\t\t<div class=\"elementor-widget-container\">\n\t\t\t\t\t\t\t\t\t<h4 style=\"text-align: center;\">&#8220;NKvB\/Pulchri 2019&#8221;<\/h4><p style=\"text-align: center;\">Pulchri Studio, Den Haag (NL)<br \/>Lange Voorhout 15, 2514 EA Den Haag<br \/><strong>5 september t\/m 3 november 2019<\/strong>, dinsdag \u2013 zondag open van 12:00 \u2013 17:00 uur<br \/><a href=\"https:\/\/www.pulchri.nl\/\" target=\"_blank\" rel=\"noopener\">www.pulchri.nl<\/a><\/p><p style=\"text-align: center;\">Download <a href=\"http:\/\/www.mariabemelmans.com\/wp-content\/uploads\/2018\/05\/uitnodiging-NKvB-Pulchri-tuin.jpg\" target=\"_blank\" rel=\"noopener\">NKvB Pulchri<\/a><\/p>\t\t\t\t\t\t\t\t<\/div>\n\t\t\t\t<\/div>\n\t\t\t\t\t<\/div>\n\t\t<\/div>\n\t\t\t\t\t<\/div>\n\t\t<\/section>\n\t\t\t\t<div class=\"elementor-element elementor-element-79cadbb elementor-widget-divider--view-line elementor-widget elementor-widget-divider\" data-id=\"79cadbb\" data-element_type=\"widget\" data-widget_type=\"divider.default\">\n\t\t\t\t<div class=\"elementor-widget-container\">\n\t\t\t\t\t\t\t<div class=\"elementor-divider\">\n\t\t\t<span class=\"elementor-divider-separator\">\n\t\t\t\t\t\t<\/span>\n\t\t<\/div>\n\t\t\t\t\t\t<\/div>\n\t\t\t\t<\/div>\n\t\t\t\t<section class=\"elementor-section elementor-inner-section elementor-element elementor-element-81d981d elementor-section-boxed elementor-section-height-default elementor-section-height-default\" data-id=\"81d981d\" data-element_type=\"section\">\n\t\t\t\t\t\t<div class=\"elementor-container elementor-column-gap-default\">\n\t\t\t\t\t<div class=\"aux-parallax-section elementor-column elementor-col-50 elementor-inner-column elementor-element elementor-element-e5a1ad4\" data-id=\"e5a1ad4\" data-element_type=\"column\">\n\t\t\t<div class=\"elementor-widget-wrap\">\n\t\t\t\t\t\t\t<\/div>\n\t\t<\/div>\n\t\t\t\t<div class=\"aux-parallax-section elementor-column elementor-col-50 elementor-inner-column elementor-element elementor-element-561c5ce\" data-id=\"561c5ce\" data-element_type=\"column\">\n\t\t\t<div class=\"elementor-widget-wrap elementor-element-populated\">\n\t\t\t\t\t\t<div class=\"elementor-element elementor-element-bcab15c elementor-widget elementor-widget-text-editor\" data-id=\"bcab15c\" data-element_type=\"widget\" data-widget_type=\"text-editor.default\">\n\t\t\t\t<div class=\"elementor-widget-container\">\n\t\t\t\t\t\t\t\t\t<h4 style=\"text-align: center;\">&#8220;ERFGOEDDAG &#8220;HOE MAAKT U HET&#8221;&#8221;<\/h4><p style=\"text-align: center;\">IKA gebouw, Veemarkt 39, 2800 Mechelen Belgi\u00eb (BE)<br \/><strong>28 april 2019<\/strong>, zondag 12:00 &#8211; 18:00 uur<\/p>\t\t\t\t\t\t\t\t<\/div>\n\t\t\t\t<\/div>\n\t\t\t\t\t<\/div>\n\t\t<\/div>\n\t\t\t\t\t<\/div>\n\t\t<\/section>\n\t\t\t\t<div class=\"elementor-element elementor-element-4ee4b3d elementor-widget-divider--view-line elementor-widget elementor-widget-divider\" data-id=\"4ee4b3d\" data-element_type=\"widget\" data-widget_type=\"divider.default\">\n\t\t\t\t<div class=\"elementor-widget-container\">\n\t\t\t\t\t\t\t<div class=\"elementor-divider\">\n\t\t\t<span class=\"elementor-divider-separator\">\n\t\t\t\t\t\t<\/span>\n\t\t<\/div>\n\t\t\t\t\t\t<\/div>\n\t\t\t\t<\/div>\n\t\t\t\t<section class=\"elementor-section elementor-inner-section elementor-element elementor-element-fa37e9f elementor-section-boxed elementor-section-height-default elementor-section-height-default\" data-id=\"fa37e9f\" data-element_type=\"section\">\n\t\t\t\t\t\t<div class=\"elementor-container elementor-column-gap-default\">\n\t\t\t\t\t<div class=\"aux-parallax-section elementor-column elementor-col-50 elementor-inner-column elementor-element elementor-element-b1f0c30\" data-id=\"b1f0c30\" data-element_type=\"column\">\n\t\t\t<div class=\"elementor-widget-wrap\">\n\t\t\t\t\t\t\t<\/div>\n\t\t<\/div>\n\t\t\t\t<div class=\"aux-parallax-section elementor-column elementor-col-50 elementor-inner-column elementor-element elementor-element-b3900dc\" data-id=\"b3900dc\" data-element_type=\"column\">\n\t\t\t<div class=\"elementor-widget-wrap elementor-element-populated\">\n\t\t\t\t\t\t<div class=\"elementor-element elementor-element-46829dd elementor-widget elementor-widget-text-editor\" data-id=\"46829dd\" data-element_type=\"widget\" data-widget_type=\"text-editor.default\">\n\t\t\t\t<div class=\"elementor-widget-container\">\n\t\t\t\t\t\t\t\t\t<h4 style=\"text-align: center;\">&#8220;Umbruch &#8211; Aufbruch&#8221;<\/h4><p style=\"text-align: center;\">Ausstellung des Kunstraum-EN e.V. und dem LWL-Industriemuseum Henrichsh\u00fctte Hattingen<br \/>LWL-Industriemuseum Henrichsh\u00fctte Hattingen, Werksstr. 31-33, 45527 Hattingen (DE)<strong><br \/>1 februari t\/m 1 maart 2019<\/strong>, dinsdag &#8211; zondag open van 10:00 &#8211; 18:00 uur<br \/><a href=\"https:\/\/www.lwl.org\/industriemuseum\/standorte\/henrichshuette-hattingen\" target=\"_blank\" rel=\"noopener\">www.lwl.org\/industriemuseum\/standorte\/henrichshuette-hattingen<\/a><br \/><a href=\"https:\/\/www.lwl.org\/pressemitteilungen\/nr_mitteilung.php?urlID=47053\" target=\"_blank\" rel=\"noopener\">Presse-info<\/a><\/p><p style=\"text-align: center;\">Download <a href=\"http:\/\/www.mariabemelmans.com\/wp-content\/uploads\/2018\/05\/Einladung-Hattingen.pdf\" target=\"_blank\" rel=\"noopener\">Einladungskarte Umbruch &#8211; Aufbruch 2019<\/a><br \/>Download <a href=\"http:\/\/www.mariabemelmans.com\/wp-content\/uploads\/2018\/05\/Pressemitteilung.pdf\" target=\"_blank\" rel=\"noopener\">Pressemitteilung 2019<\/a><\/p>\t\t\t\t\t\t\t\t<\/div>\n\t\t\t\t<\/div>\n\t\t\t\t\t<\/div>\n\t\t<\/div>\n\t\t\t\t\t<\/div>\n\t\t<\/section>\n\t\t\t\t<div class=\"elementor-element elementor-element-16d5479 elementor-widget-divider--view-line elementor-widget elementor-widget-divider\" data-id=\"16d5479\" data-element_type=\"widget\" data-widget_type=\"divider.default\">\n\t\t\t\t<div class=\"elementor-widget-container\">\n\t\t\t\t\t\t\t<div class=\"elementor-divider\">\n\t\t\t<span class=\"elementor-divider-separator\">\n\t\t\t\t\t\t<\/span>\n\t\t<\/div>\n\t\t\t\t\t\t<\/div>\n\t\t\t\t<\/div>\n\t\t\t\t<section class=\"elementor-section elementor-inner-section elementor-element elementor-element-b846fd6 elementor-section-boxed elementor-section-height-default elementor-section-height-default\" data-id=\"b846fd6\" data-element_type=\"section\">\n\t\t\t\t\t\t<div class=\"elementor-container elementor-column-gap-default\">\n\t\t\t\t\t<div class=\"aux-parallax-section elementor-column elementor-col-50 elementor-inner-column elementor-element elementor-element-8b26423\" data-id=\"8b26423\" data-element_type=\"column\">\n\t\t\t<div class=\"elementor-widget-wrap\">\n\t\t\t\t\t\t\t<\/div>\n\t\t<\/div>\n\t\t\t\t<div class=\"aux-parallax-section elementor-column elementor-col-50 elementor-inner-column elementor-element elementor-element-20e25cb\" data-id=\"20e25cb\" data-element_type=\"column\">\n\t\t\t<div class=\"elementor-widget-wrap elementor-element-populated\">\n\t\t\t\t\t\t<div class=\"elementor-element elementor-element-3703fd4 elementor-widget elementor-widget-text-editor\" data-id=\"3703fd4\" data-element_type=\"widget\" data-widget_type=\"text-editor.default\">\n\t\t\t\t<div class=\"elementor-widget-container\">\n\t\t\t\t\t\t\t\t\t<h4 style=\"text-align: center;\">&#8220;Exploring the senses in art and brain&#8221;<\/h4><p style=\"text-align: center;\">Forschungszentrum Caesar, Ludwig-Erhard-Allee 2, 53175 Bonn (DE)<strong><br \/>28 september t\/m 29 november 2018<\/strong>, maandag &#8211; vrijdag open van 09:00 &#8211; 16:00 uur, toegang gratis<br \/><a href=\"https:\/\/www.caesar.de\/\" target=\"_blank\" rel=\"noopener\">www.caesar.de<\/a><\/p><p style=\"text-align: center;\">Download <a href=\"http:\/\/www.mariabemelmans.com\/wp-content\/uploads\/2018\/05\/Einladungskarte-caesar-2018.pdf\" target=\"_blank\" rel=\"noopener\">Einladungskarte caesar 2018<br \/><\/a>Download <a href=\"http:\/\/www.mariabemelmans.com\/wp-content\/uploads\/2018\/05\/Bonner-Rundschau-2.10.2018.pdf\" target=\"_blank\" rel=\"noopener\">Krantartikel Bonner Rundschau 2-10-2018<\/a><\/p>\t\t\t\t\t\t\t\t<\/div>\n\t\t\t\t<\/div>\n\t\t\t\t\t<\/div>\n\t\t<\/div>\n\t\t\t\t\t<\/div>\n\t\t<\/section>\n\t\t\t\t<div class=\"elementor-element elementor-element-f679d16 elementor-widget-divider--view-line elementor-widget elementor-widget-divider\" data-id=\"f679d16\" data-element_type=\"widget\" data-widget_type=\"divider.default\">\n\t\t\t\t<div class=\"elementor-widget-container\">\n\t\t\t\t\t\t\t<div class=\"elementor-divider\">\n\t\t\t<span class=\"elementor-divider-separator\">\n\t\t\t\t\t\t<\/span>\n\t\t<\/div>\n\t\t\t\t\t\t<\/div>\n\t\t\t\t<\/div>\n\t\t\t\t<section class=\"elementor-section elementor-inner-section elementor-element elementor-element-5c3dc1c elementor-section-boxed elementor-section-height-default elementor-section-height-default\" data-id=\"5c3dc1c\" data-element_type=\"section\">\n\t\t\t\t\t\t<div class=\"elementor-container elementor-column-gap-default\">\n\t\t\t\t\t<div class=\"aux-parallax-section elementor-column elementor-col-50 elementor-inner-column elementor-element elementor-element-0d194c6\" data-id=\"0d194c6\" data-element_type=\"column\">\n\t\t\t<div class=\"elementor-widget-wrap\">\n\t\t\t\t\t\t\t<\/div>\n\t\t<\/div>\n\t\t\t\t<div class=\"aux-parallax-section elementor-column elementor-col-50 elementor-inner-column elementor-element elementor-element-d10a7ab\" data-id=\"d10a7ab\" data-element_type=\"column\">\n\t\t\t<div class=\"elementor-widget-wrap elementor-element-populated\">\n\t\t\t\t\t\t<div class=\"elementor-element elementor-element-e434605 elementor-widget elementor-widget-text-editor\" data-id=\"e434605\" data-element_type=\"widget\" data-widget_type=\"text-editor.default\">\n\t\t\t\t<div class=\"elementor-widget-container\">\n\t\t\t\t\t\t\t\t\t<h4 style=\"text-align: center;\">&#8220;39 Beelden in het Hofje van Nieuwkoop&#8221;<\/h4><p style=\"text-align: center;\">Ingang poort Warmoezierstraat Den Haag<strong><br \/>1 september t\/m 14 oktober 2018<\/strong>, dagelijks open van 10:00 &#8211; 18:00 uur, toegang gratis<br \/><a href=\"https:\/\/www.hofjevannieuwkoop.nl\/\">www.hofjevannieuwkoop.nl<\/a><\/p><p style=\"text-align: center;\">Download <a href=\"http:\/\/www.mariabemelmans.com\/wp-content\/uploads\/2018\/05\/RaamposterBidH.pdf\" target=\"_blank\" rel=\"noopener\">Raamposter<\/a><br \/>Download <a href=\"http:\/\/www.mariabemelmans.com\/wp-content\/uploads\/2018\/05\/UitnodigingBidHpdf.pdf\" target=\"_blank\" rel=\"noopener\">Uitnodiging<\/a><br \/>Download <a href=\"http:\/\/www.mariabemelmans.com\/wp-content\/uploads\/2018\/05\/PosterBidH.pdf\" target=\"_blank\" rel=\"noopener\">Poster<\/a><\/p>\t\t\t\t\t\t\t\t<\/div>\n\t\t\t\t<\/div>\n\t\t\t\t\t<\/div>\n\t\t<\/div>\n\t\t\t\t\t<\/div>\n\t\t<\/section>\n\t\t\t\t<div class=\"elementor-element elementor-element-f4b73ac elementor-widget-divider--view-line elementor-widget elementor-widget-divider\" data-id=\"f4b73ac\" data-element_type=\"widget\" data-widget_type=\"divider.default\">\n\t\t\t\t<div class=\"elementor-widget-container\">\n\t\t\t\t\t\t\t<div class=\"elementor-divider\">\n\t\t\t<span class=\"elementor-divider-separator\">\n\t\t\t\t\t\t<\/span>\n\t\t<\/div>\n\t\t\t\t\t\t<\/div>\n\t\t\t\t<\/div>\n\t\t\t\t<section class=\"elementor-section elementor-inner-section elementor-element elementor-element-381fe9e elementor-section-boxed elementor-section-height-default elementor-section-height-default\" data-id=\"381fe9e\" data-element_type=\"section\">\n\t\t\t\t\t\t<div class=\"elementor-container elementor-column-gap-default\">\n\t\t\t\t\t<div class=\"aux-parallax-section elementor-column elementor-col-50 elementor-inner-column elementor-element elementor-element-c9d0ab0\" data-id=\"c9d0ab0\" data-element_type=\"column\">\n\t\t\t<div class=\"elementor-widget-wrap\">\n\t\t\t\t\t\t\t<\/div>\n\t\t<\/div>\n\t\t\t\t<div class=\"aux-parallax-section elementor-column elementor-col-50 elementor-inner-column elementor-element elementor-element-aabcde7\" data-id=\"aabcde7\" data-element_type=\"column\">\n\t\t\t<div class=\"elementor-widget-wrap elementor-element-populated\">\n\t\t\t\t\t\t<div class=\"elementor-element elementor-element-7a84c76 elementor-widget elementor-widget-text-editor\" data-id=\"7a84c76\" data-element_type=\"widget\" data-widget_type=\"text-editor.default\">\n\t\t\t\t<div class=\"elementor-widget-container\">\n\t\t\t\t\t\t\t\t\t<p><img loading=\"lazy\" decoding=\"async\" class=\"size-large wp-image-366 aligncenter\" src=\"http:\/\/www.mariabemelmans.com\/wp-content\/uploads\/2018\/04\/Logo-100-jaar-NKvB-300dpi-1024x208.jpg\" alt=\"Logo 100 jaar NKvB\" width=\"1024\" height=\"208\" \/><\/p><p style=\"text-align: center;\">Pulchri Den Haag, Lange Voorhout 15, 2514 EA Den Haag<br \/><b>6 mei t\/m 23 juni 2018<\/b>, de toegang is vrij<br \/>Op 8 mei (besloten) opening door HKH prinses Beatrix<br \/><a href=\"http:\/\/www.nkvb.nl\" target=\"_blank\" rel=\"noopener\">www.nkvb.nl<\/a> &amp; <a href=\"http:\/\/www.pulchri.nl\" target=\"_blank\" rel=\"noopener\">www.pulchri.nl<\/a><\/p><p style=\"text-align: center;\">Download <a href=\"http:\/\/www.mariabemelmans.com\/wp-content\/uploads\/2018\/04\/Persbericht-NKvB-2018.pdf\" target=\"_blank\" rel=\"noopener\">Persbericht NKvB<\/a><br \/>Download <a href=\"http:\/\/www.mariabemelmans.com\/wp-content\/uploads\/2018\/04\/flyer-voor-en-achterkant-A3.pdf\" target=\"_blank\" rel=\"noopener\">Folder NKvB 100 jarig jubileum<\/a><\/p>\t\t\t\t\t\t\t\t<\/div>\n\t\t\t\t<\/div>\n\t\t\t\t\t<\/div>\n\t\t<\/div>\n\t\t\t\t\t<\/div>\n\t\t<\/section>\n\t\t\t\t<div class=\"elementor-element elementor-element-dd9f194 elementor-widget-divider--view-line elementor-widget elementor-widget-divider\" data-id=\"dd9f194\" data-element_type=\"widget\" data-widget_type=\"divider.default\">\n\t\t\t\t<div class=\"elementor-widget-container\">\n\t\t\t\t\t\t\t<div class=\"elementor-divider\">\n\t\t\t<span class=\"elementor-divider-separator\">\n\t\t\t\t\t\t<\/span>\n\t\t<\/div>\n\t\t\t\t\t\t<\/div>\n\t\t\t\t<\/div>\n\t\t\t\t\t<\/div>\n\t\t<\/div>\n\t\t\t\t\t<\/div>\n\t\t<\/section>\n\t\t\t\t<\/div>\n\t\t","protected":false},"excerpt":{"rendered":"<p>20 Jahre KUNSTRAUM EN e.V. Kunst in der S\u00e4ulenhalle im Industriemueseum, Ennepetal Adres: Neustra\u00dfe 53, 58256 Ennepetal, Duitsland Tentoonstelling loopt van 6 juni tot 9 juni 2025 Er\u00f6ffnung: 6 juni 2025, 18:00 Uhr \u00d6ffnungszeiten: Samstag bis Montag 14:00 &#8211; 18:00 Uhr Download: Infoblaadje 1Download: Infoblaadje 2 KUNSTRAUM EN e.V. im Saalbau Witten | HORIZON Tentoonstelling [&hellip;]<\/p>\n","protected":false},"author":2,"featured_media":0,"parent":0,"menu_order":2,"comment_status":"closed","ping_status":"closed","template":"","meta":{"footnotes":""},"class_list":["post-136","page","type-page","status-publish","hentry"],"_links":{"self":[{"href":"https:\/\/www.mariabemelmans.com\/index.php\/wp-json\/wp\/v2\/pages\/136","targetHints":{"allow":["GET"]}}],"collection":[{"href":"https:\/\/www.mariabemelmans.com\/index.php\/wp-json\/wp\/v2\/pages"}],"about":[{"href":"https:\/\/www.mariabemelmans.com\/index.php\/wp-json\/wp\/v2\/types\/page"}],"author":[{"embeddable":true,"href":"https:\/\/www.mariabemelmans.com\/index.php\/wp-json\/wp\/v2\/users\/2"}],"replies":[{"embeddable":true,"href":"https:\/\/www.mariabemelmans.com\/index.php\/wp-json\/wp\/v2\/comments?post=136"}],"version-history":[{"count":209,"href":"https:\/\/www.mariabemelmans.com\/index.php\/wp-json\/wp\/v2\/pages\/136\/revisions"}],"predecessor-version":[{"id":2271,"href":"https:\/\/www.mariabemelmans.com\/index.php\/wp-json\/wp\/v2\/pages\/136\/revisions\/2271"}],"wp:attachment":[{"href":"https:\/\/www.mariabemelmans.com\/index.php\/wp-json\/wp\/v2\/media?parent=136"}],"curies":[{"name":"wp","href":"https:\/\/api.w.org\/{rel}","templated":true}]}}